{"id":40677,"date":"2024-02-19T15:37:04","date_gmt":"2024-02-19T14:37:04","guid":{"rendered":"https:\/\/wendlandmobil.de\/?page_id=40677"},"modified":"2025-03-24T09:53:12","modified_gmt":"2025-03-24T08:53:12","slug":"rent-your-e-bike","status":"publish","type":"page","link":"https:\/\/wendlandmobil.de\/en\/mobilitaetsangebote\/leih-dein-e-bike\/","title":{"rendered":"Rent your e-bike"},"content":{"rendered":"<div data-elementor-type=\"wp-page\" data-elementor-id=\"40677\" class=\"elementor elementor-40677\" data-elementor-post-type=\"page\">\n\t\t\t\t\t\t<section class=\"elementor-section elementor-top-section elementor-element elementor-element-5e25c1d elementor-section-stretched elementor-section-boxed elementor-section-height-default elementor-section-height-default\" data-id=\"5e25c1d\" data-element_type=\"section\" data-e-type=\"section\" data-settings=\"{&quot;stretch_section&quot;:&quot;section-stretched&quot;}\">\n\t\t\t\t\t\t<div class=\"elementor-container elementor-column-gap-default\">\n\t\t\t\t\t<div class=\"elementor-column elementor-col-100 elementor-top-column elementor-element elementor-element-c415fee\" data-id=\"c415fee\" data-element_type=\"column\" data-e-type=\"column\">\n\t\t\t<div class=\"elementor-widget-wrap elementor-element-populated\">\n\t\t\t\t\t\t\t<\/div>\n\t\t<\/div>\n\t\t\t\t\t<\/div>\n\t\t<\/section>\n\t\t\t\t<section class=\"elementor-section elementor-top-section elementor-element elementor-element-3daaa30 elementor-section-boxed elementor-section-height-default elementor-section-height-default\" data-id=\"3daaa30\" data-element_type=\"section\" data-e-type=\"section\">\n\t\t\t\t\t\t<div class=\"elementor-container elementor-column-gap-default\">\n\t\t\t\t\t<div class=\"elementor-column elementor-col-100 elementor-top-column elementor-element elementor-element-60e9bfa\" data-id=\"60e9bfa\" data-element_type=\"column\" data-e-type=\"column\">\n\t\t\t<div class=\"elementor-widget-wrap elementor-element-populated\">\n\t\t\t\t\t\t<div class=\"elementor-element elementor-element-708ebeb elementor-widget__width-initial elementor-widget elementor-widget-text-editor\" data-id=\"708ebeb\" data-element_type=\"widget\" data-e-type=\"widget\" data-widget_type=\"text-editor.default\">\n\t\t\t\t<div class=\"elementor-widget-container\">\n\t\t\t\t\t\t\t\t\t<p><strong>6 pedelecs &amp; 2 e-cargo bikes to borrow free of charge thanks to funding project<\/strong><\/p>\n<p align=\"justify\">The funding project aims to increase the use of (cargo) bicycles or pedelecs for short and medium distances in rural areas and to reduce the use of cars. Information on the joint project, the cycle priority routes or the bicycle boxes can be found at <a href=\"https:\/\/wendlandmobil.de\/en\/new-ways-for-new-wheels\/\" rel=\"noopener\">here<\/a>.<\/p>\n<p align=\"justify\">One component of this project is the free hire of e-cargo bikes and pedelecs over a period of four weeks. The hire period starts at the beginning of the month and ends at the end of the month. We hope that you will be able to test ride your hire bike extensively and gain experience with the bike.<\/p>\t\t\t\t\t\t\t\t<\/div>\n\t\t\t\t<\/div>\n\t\t\t\t<div class=\"elementor-element elementor-element-349c49f elementor-widget elementor-widget-image\" data-id=\"349c49f\" data-element_type=\"widget\" data-e-type=\"widget\" data-widget_type=\"image.default\">\n\t\t\t\t<div class=\"elementor-widget-container\">\n\t\t\t\t\t\t\t\t\t\t\t\t\t\t\t<img fetchpriority=\"high\" decoding=\"async\" width=\"1024\" height=\"683\" src=\"https:\/\/wendlandmobil.de\/wp-content\/uploads\/S6A7712-2-1024x683.jpg\" class=\"attachment-large size-large wp-image-40723\" alt=\"\" srcset=\"https:\/\/wendlandmobil.de\/wp-content\/uploads\/S6A7712-2-1024x683.jpg 1024w, https:\/\/wendlandmobil.de\/wp-content\/uploads\/S6A7712-2-512x341.jpg 512w, https:\/\/wendlandmobil.de\/wp-content\/uploads\/S6A7712-2-768x512.jpg 768w, https:\/\/wendlandmobil.de\/wp-content\/uploads\/S6A7712-2-1536x1024.jpg 1536w, https:\/\/wendlandmobil.de\/wp-content\/uploads\/S6A7712-2-2048x1366.jpg 2048w, https:\/\/wendlandmobil.de\/wp-content\/uploads\/S6A7712-2-18x12.jpg 18w, https:\/\/wendlandmobil.de\/wp-content\/uploads\/S6A7712-2-600x400.jpg 600w\" sizes=\"(max-width: 1024px) 100vw, 1024px\" \/>\t\t\t\t\t\t\t\t\t\t\t\t\t\t\t<\/div>\n\t\t\t\t<\/div>\n\t\t\t\t<div class=\"elementor-element elementor-element-cfaf0df elementor-widget elementor-widget-image\" data-id=\"cfaf0df\" data-element_type=\"widget\" data-e-type=\"widget\" data-widget_type=\"image.default\">\n\t\t\t\t<div class=\"elementor-widget-container\">\n\t\t\t\t\t\t\t\t\t\t\t\t\t\t\t<img decoding=\"async\" width=\"1024\" height=\"683\" src=\"https:\/\/wendlandmobil.de\/wp-content\/uploads\/S6A8097-2-1024x683.jpg\" class=\"attachment-large size-large wp-image-40724\" alt=\"\" srcset=\"https:\/\/wendlandmobil.de\/wp-content\/uploads\/S6A8097-2-1024x683.jpg 1024w, https:\/\/wendlandmobil.de\/wp-content\/uploads\/S6A8097-2-512x341.jpg 512w, https:\/\/wendlandmobil.de\/wp-content\/uploads\/S6A8097-2-768x512.jpg 768w, https:\/\/wendlandmobil.de\/wp-content\/uploads\/S6A8097-2-1536x1024.jpg 1536w, https:\/\/wendlandmobil.de\/wp-content\/uploads\/S6A8097-2-2048x1366.jpg 2048w, https:\/\/wendlandmobil.de\/wp-content\/uploads\/S6A8097-2-18x12.jpg 18w, https:\/\/wendlandmobil.de\/wp-content\/uploads\/S6A8097-2-600x400.jpg 600w\" sizes=\"(max-width: 1024px) 100vw, 1024px\" \/>\t\t\t\t\t\t\t\t\t\t\t\t\t\t\t<\/div>\n\t\t\t\t<\/div>\n\t\t\t\t<div class=\"elementor-element elementor-element-21494f7 elementor-widget elementor-widget-spacer\" data-id=\"21494f7\" data-element_type=\"widget\" data-e-type=\"widget\" data-widget_type=\"spacer.default\">\n\t\t\t\t<div class=\"elementor-widget-container\">\n\t\t\t\t\t\t\t<div class=\"elementor-spacer\">\n\t\t\t<div class=\"elementor-spacer-inner\"><\/div>\n\t\t<\/div>\n\t\t\t\t\t\t<\/div>\n\t\t\t\t<\/div>\n\t\t\t\t<div class=\"elementor-element elementor-element-fba8531 elementor-align-left elementor-widget elementor-widget-button\" data-id=\"fba8531\" data-element_type=\"widget\" data-e-type=\"widget\" data-widget_type=\"button.default\">\n\t\t\t\t<div class=\"elementor-widget-container\">\n\t\t\t\t\t\t\t\t\t<div class=\"elementor-button-wrapper\">\n\t\t\t\t\t<a class=\"elementor-button elementor-button-link elementor-size-sm\" href=\"https:\/\/wendlandmobil.de\/en\/kontakt\/\" target=\"_blank\">\n\t\t\t\t\t\t<span class=\"elementor-button-content-wrapper\">\n\t\t\t\t\t\t\t\t\t<span class=\"elementor-button-text\">Request a loan!<\/span>\n\t\t\t\t\t<\/span>\n\t\t\t\t\t<\/a>\n\t\t\t\t<\/div>\n\t\t\t\t\t\t\t\t<\/div>\n\t\t\t\t<\/div>\n\t\t\t\t\t<\/div>\n\t\t<\/div>\n\t\t\t\t\t<\/div>\n\t\t<\/section>\n\t\t\t\t<section class=\"elementor-section elementor-top-section elementor-element elementor-element-3d4e332 elementor-section-boxed elementor-section-height-default elementor-section-height-default\" data-id=\"3d4e332\" data-element_type=\"section\" data-e-type=\"section\">\n\t\t\t\t\t\t<div class=\"elementor-container elementor-column-gap-default\">\n\t\t\t\t\t<div class=\"elementor-column elementor-col-100 elementor-top-column elementor-element elementor-element-f0622d7\" data-id=\"f0622d7\" data-element_type=\"column\" data-e-type=\"column\">\n\t\t\t<div class=\"elementor-widget-wrap elementor-element-populated\">\n\t\t\t\t\t\t<div class=\"elementor-element elementor-element-db72e05 elementor-widget elementor-widget-spacer\" data-id=\"db72e05\" data-element_type=\"widget\" data-e-type=\"widget\" data-widget_type=\"spacer.default\">\n\t\t\t\t<div class=\"elementor-widget-container\">\n\t\t\t\t\t\t\t<div class=\"elementor-spacer\">\n\t\t\t<div class=\"elementor-spacer-inner\"><\/div>\n\t\t<\/div>\n\t\t\t\t\t\t<\/div>\n\t\t\t\t<\/div>\n\t\t\t\t<div class=\"elementor-element elementor-element-2db51c3 elementor-widget elementor-widget-text-editor\" data-id=\"2db51c3\" data-element_type=\"widget\" data-e-type=\"widget\" data-widget_type=\"text-editor.default\">\n\t\t\t\t<div class=\"elementor-widget-container\">\n\t\t\t\t\t\t\t\t\t<h4>Our rental bikes<\/h4><p>A total of 8 test bikes, including 6 pedelecs and two e-load bikes, are available to you as a citizen:in for 4-week loan. <strong>By the way, if you are interested, we also rent out children's bikes and a bicycle trailer!<\/strong><\/p><p>At the beginning of the loan period, you will be asked to complete an online questionnaire about your mobility behaviour. This is followed by two surveys, one at the end of the loan period, another after one year.<\/p><p><strong>Choose your suitable model from our 8 test bikes!<\/strong><\/p>\t\t\t\t\t\t\t\t<\/div>\n\t\t\t\t<\/div>\n\t\t\t\t\t<\/div>\n\t\t<\/div>\n\t\t\t\t\t<\/div>\n\t\t<\/section>\n\t\t<div class=\"elementor-element elementor-element-4c3920a elementor-hidden-desktop elementor-hidden-laptop elementor-hidden-tablet e-flex e-con-boxed e-con e-parent\" data-id=\"4c3920a\" data-element_type=\"container\" data-e-type=\"container\">\n\t\t\t\t\t<div class=\"e-con-inner\">\n\t\t<div class=\"elementor-element elementor-element-c8854da e-con-full e-flex e-con e-child\" data-id=\"c8854da\" data-element_type=\"container\" data-e-type=\"container\">\n\t\t\t\t<\/div>\n\t\t<div class=\"elementor-element elementor-element-b325c87 e-con-full e-flex e-con e-child\" data-id=\"b325c87\" data-element_type=\"container\" data-e-type=\"container\">\n\t\t\t\t<div class=\"elementor-element elementor-element-39303f8 elementor-widget elementor-widget-image\" data-id=\"39303f8\" data-element_type=\"widget\" data-e-type=\"widget\" data-widget_type=\"image.default\">\n\t\t\t\t<div class=\"elementor-widget-container\">\n\t\t\t\t\t\t\t\t\t\t\t\t\t\t\t<img decoding=\"async\" width=\"800\" height=\"600\" src=\"https:\/\/wendlandmobil.de\/wp-content\/uploads\/leihraederstorch-2.png\" class=\"attachment-large size-large wp-image-40732\" alt=\"\" srcset=\"https:\/\/wendlandmobil.de\/wp-content\/uploads\/leihraederstorch-2.png 800w, https:\/\/wendlandmobil.de\/wp-content\/uploads\/leihraederstorch-2-512x384.png 512w, https:\/\/wendlandmobil.de\/wp-content\/uploads\/leihraederstorch-2-768x576.png 768w, https:\/\/wendlandmobil.de\/wp-content\/uploads\/leihraederstorch-2-16x12.png 16w, https:\/\/wendlandmobil.de\/wp-content\/uploads\/leihraederstorch-2-600x450.png 600w\" sizes=\"(max-width: 800px) 100vw, 800px\" \/>\t\t\t\t\t\t\t\t\t\t\t\t\t\t\t<\/div>\n\t\t\t\t<\/div>\n\t\t\t\t<div class=\"elementor-element elementor-element-1ebad19 elementor-widget elementor-widget-text-editor\" data-id=\"1ebad19\" data-element_type=\"widget\" data-e-type=\"widget\" data-widget_type=\"text-editor.default\">\n\t\t\t\t<div class=\"elementor-widget-container\">\n\t\t\t\t\t\t\t\t\t<p>Lastenrad f\u00fcr Kindertransport &amp; kleines Gep\u00e4ck. Gurte, Sitzbank f\u00fcr 2 Kinder &amp; Regenverdeck. Zuladung bis 70 kg. Geeignet f\u00fcr K\u00f6rpergr\u00f6\u00dfen: 165 &#8211; 195 cm<\/p>\t\t\t\t\t\t\t\t<\/div>\n\t\t\t\t<\/div>\n\t\t\t\t<div class=\"elementor-element elementor-element-160367d elementor-widget elementor-widget-image\" data-id=\"160367d\" data-element_type=\"widget\" data-e-type=\"widget\" data-widget_type=\"image.default\">\n\t\t\t\t<div class=\"elementor-widget-container\">\n\t\t\t\t\t\t\t\t\t\t\t\t\t\t\t<img loading=\"lazy\" decoding=\"async\" width=\"800\" height=\"600\" src=\"https:\/\/wendlandmobil.de\/wp-content\/uploads\/leihraederpelikan-2.png\" class=\"attachment-large size-large wp-image-40733\" alt=\"\" srcset=\"https:\/\/wendlandmobil.de\/wp-content\/uploads\/leihraederpelikan-2.png 800w, https:\/\/wendlandmobil.de\/wp-content\/uploads\/leihraederpelikan-2-512x384.png 512w, https:\/\/wendlandmobil.de\/wp-content\/uploads\/leihraederpelikan-2-768x576.png 768w, https:\/\/wendlandmobil.de\/wp-content\/uploads\/leihraederpelikan-2-16x12.png 16w, https:\/\/wendlandmobil.de\/wp-content\/uploads\/leihraederpelikan-2-600x450.png 600w\" sizes=\"(max-width: 800px) 100vw, 800px\" \/>\t\t\t\t\t\t\t\t\t\t\t\t\t\t\t<\/div>\n\t\t\t\t<\/div>\n\t\t\t\t<div class=\"elementor-element elementor-element-4189b63 elementor-widget elementor-widget-text-editor\" data-id=\"4189b63\" data-element_type=\"widget\" data-e-type=\"widget\" data-widget_type=\"text-editor.default\">\n\t\t\t\t<div class=\"elementor-widget-container\">\n\t\t\t\t\t\t\t\t\t<p>Kompaktes Lastenrad mit gro\u00dfer Ladefl\u00e4che f\u00fcr Eink\u00e4ufe und Gep\u00e4ck. Zuladung bis 70 kg. Geeignet f\u00fcr K\u00f6rpergr\u00f6\u00dfen von 160 cm bis 195 cm<\/p>\t\t\t\t\t\t\t\t<\/div>\n\t\t\t\t<\/div>\n\t\t\t\t<div class=\"elementor-element elementor-element-d4f379d elementor-widget elementor-widget-image\" data-id=\"d4f379d\" data-element_type=\"widget\" data-e-type=\"widget\" data-widget_type=\"image.default\">\n\t\t\t\t<div class=\"elementor-widget-container\">\n\t\t\t\t\t\t\t\t\t\t\t\t\t\t\t<img loading=\"lazy\" decoding=\"async\" width=\"800\" height=\"600\" src=\"https:\/\/wendlandmobil.de\/wp-content\/uploads\/leihraedereisvogel-2.png\" class=\"attachment-large size-large wp-image-40731\" alt=\"\" srcset=\"https:\/\/wendlandmobil.de\/wp-content\/uploads\/leihraedereisvogel-2.png 800w, https:\/\/wendlandmobil.de\/wp-content\/uploads\/leihraedereisvogel-2-512x384.png 512w, https:\/\/wendlandmobil.de\/wp-content\/uploads\/leihraedereisvogel-2-768x576.png 768w, https:\/\/wendlandmobil.de\/wp-content\/uploads\/leihraedereisvogel-2-16x12.png 16w, https:\/\/wendlandmobil.de\/wp-content\/uploads\/leihraedereisvogel-2-600x450.png 600w\" sizes=\"(max-width: 800px) 100vw, 800px\" \/>\t\t\t\t\t\t\t\t\t\t\t\t\t\t\t<\/div>\n\t\t\t\t<\/div>\n\t\t\t\t<div class=\"elementor-element elementor-element-361f6d1 elementor-widget elementor-widget-text-editor\" data-id=\"361f6d1\" data-element_type=\"widget\" data-e-type=\"widget\" data-widget_type=\"text-editor.default\">\n\t\t\t\t<div class=\"elementor-widget-container\">\n\t\t\t\t\t\t\t\t\t<p>Ein kompaktes E-Bike mit kurzem Radstand \u2013 Ideal f\u00fcr die Stadt und f\u00fcr kleine Abstellfl\u00e4chen. Geeignet f\u00fcr K\u00f6rpergr\u00f6\u00dfen zwischen 160 <br \/>und 185 cm<\/p>\t\t\t\t\t\t\t\t<\/div>\n\t\t\t\t<\/div>\n\t\t\t\t<div class=\"elementor-element elementor-element-629b985 elementor-widget elementor-widget-image\" data-id=\"629b985\" data-element_type=\"widget\" data-e-type=\"widget\" data-widget_type=\"image.default\">\n\t\t\t\t<div class=\"elementor-widget-container\">\n\t\t\t\t\t\t\t\t\t\t\t\t\t\t\t<img loading=\"lazy\" decoding=\"async\" width=\"800\" height=\"600\" src=\"https:\/\/wendlandmobil.de\/wp-content\/uploads\/leihraedergruenfink-2.png\" class=\"attachment-large size-large wp-image-40734\" alt=\"\" srcset=\"https:\/\/wendlandmobil.de\/wp-content\/uploads\/leihraedergruenfink-2.png 800w, https:\/\/wendlandmobil.de\/wp-content\/uploads\/leihraedergruenfink-2-512x384.png 512w, https:\/\/wendlandmobil.de\/wp-content\/uploads\/leihraedergruenfink-2-768x576.png 768w, https:\/\/wendlandmobil.de\/wp-content\/uploads\/leihraedergruenfink-2-16x12.png 16w, https:\/\/wendlandmobil.de\/wp-content\/uploads\/leihraedergruenfink-2-600x450.png 600w\" sizes=\"(max-width: 800px) 100vw, 800px\" \/>\t\t\t\t\t\t\t\t\t\t\t\t\t\t\t<\/div>\n\t\t\t\t<\/div>\n\t\t\t\t<div class=\"elementor-element elementor-element-b31fcd9 elementor-widget elementor-widget-text-editor\" data-id=\"b31fcd9\" data-element_type=\"widget\" data-e-type=\"widget\" data-widget_type=\"text-editor.default\">\n\t\t\t\t<div class=\"elementor-widget-container\">\n\t\t\t\t\t\t\t\t\t<p>Ein kompaktes E-Bike mit kurzem Radstand \u2013 Ideal f\u00fcr die Stadt und f\u00fcr kleine Abstellfl\u00e4chen. Geeignet f\u00fcr K\u00f6rpergr\u00f6\u00dfen zwischen 160 <br \/>und 185 cm<\/p>\t\t\t\t\t\t\t\t<\/div>\n\t\t\t\t<\/div>\n\t\t\t\t<div class=\"elementor-element elementor-element-f5c9d03 elementor-widget elementor-widget-image\" data-id=\"f5c9d03\" data-element_type=\"widget\" data-e-type=\"widget\" data-widget_type=\"image.default\">\n\t\t\t\t<div class=\"elementor-widget-container\">\n\t\t\t\t\t\t\t\t\t\t\t\t\t\t\t<img loading=\"lazy\" decoding=\"async\" width=\"800\" height=\"600\" src=\"https:\/\/wendlandmobil.de\/wp-content\/uploads\/leihraedermoewe-2.png\" class=\"attachment-large size-large wp-image-40735\" alt=\"\" \/>\t\t\t\t\t\t\t\t\t\t\t\t\t\t\t<\/div>\n\t\t\t\t<\/div>\n\t\t\t\t<div class=\"elementor-element elementor-element-95ad595 elementor-widget elementor-widget-text-editor\" data-id=\"95ad595\" data-element_type=\"widget\" data-e-type=\"widget\" data-widget_type=\"text-editor.default\">\n\t\t\t\t<div class=\"elementor-widget-container\">\n\t\t\t\t\t\t\t\t\t<p>City-E-Bike mit tiefem Einstieg f\u00fcr Bequeme Fahrten in Stadt und \u00fcber Land. Geeignet f\u00fcr K\u00f6rpergr\u00f6\u00dfen zwischen 165 und 190 cm<\/p>\t\t\t\t\t\t\t\t<\/div>\n\t\t\t\t<\/div>\n\t\t\t\t<div class=\"elementor-element elementor-element-47f5eae elementor-widget elementor-widget-image\" data-id=\"47f5eae\" data-element_type=\"widget\" data-e-type=\"widget\" data-widget_type=\"image.default\">\n\t\t\t\t<div class=\"elementor-widget-container\">\n\t\t\t\t\t\t\t\t\t\t\t\t\t\t\t<img loading=\"lazy\" decoding=\"async\" width=\"800\" height=\"600\" src=\"https:\/\/wendlandmobil.de\/wp-content\/uploads\/leihraederkranich-2.png\" class=\"attachment-large size-large wp-image-40727\" alt=\"\" srcset=\"https:\/\/wendlandmobil.de\/wp-content\/uploads\/leihraederkranich-2.png 800w, https:\/\/wendlandmobil.de\/wp-content\/uploads\/leihraederkranich-2-512x384.png 512w, https:\/\/wendlandmobil.de\/wp-content\/uploads\/leihraederkranich-2-768x576.png 768w, https:\/\/wendlandmobil.de\/wp-content\/uploads\/leihraederkranich-2-16x12.png 16w, https:\/\/wendlandmobil.de\/wp-content\/uploads\/leihraederkranich-2-600x450.png 600w\" sizes=\"(max-width: 800px) 100vw, 800px\" \/>\t\t\t\t\t\t\t\t\t\t\t\t\t\t\t<\/div>\n\t\t\t\t<\/div>\n\t\t\t\t<div class=\"elementor-element elementor-element-9ba564a elementor-widget elementor-widget-text-editor\" data-id=\"9ba564a\" data-element_type=\"widget\" data-e-type=\"widget\" data-widget_type=\"text-editor.default\">\n\t\t\t\t<div class=\"elementor-widget-container\">\n\t\t\t\t\t\t\t\t\t<p>City-E-Bike mit tiefem Einstieg f\u00fcr Bequeme Fahrten in Stadt und \u00fcber Land. Geeignet f\u00fcr K\u00f6rpergr\u00f6\u00dfen zwischen 165 und 190 cm<\/p>\t\t\t\t\t\t\t\t<\/div>\n\t\t\t\t<\/div>\n\t\t\t\t<div class=\"elementor-element elementor-element-bcb2537 elementor-widget elementor-widget-image\" data-id=\"bcb2537\" data-element_type=\"widget\" data-e-type=\"widget\" data-widget_type=\"image.default\">\n\t\t\t\t<div class=\"elementor-widget-container\">\n\t\t\t\t\t\t\t\t\t\t\t\t\t\t\t<img loading=\"lazy\" decoding=\"async\" width=\"800\" height=\"600\" src=\"https:\/\/wendlandmobil.de\/wp-content\/uploads\/leihraederrabe-2.png\" class=\"attachment-large size-large wp-image-40730\" alt=\"\" srcset=\"https:\/\/wendlandmobil.de\/wp-content\/uploads\/leihraederrabe-2.png 800w, https:\/\/wendlandmobil.de\/wp-content\/uploads\/leihraederrabe-2-512x384.png 512w, https:\/\/wendlandmobil.de\/wp-content\/uploads\/leihraederrabe-2-768x576.png 768w, https:\/\/wendlandmobil.de\/wp-content\/uploads\/leihraederrabe-2-16x12.png 16w, https:\/\/wendlandmobil.de\/wp-content\/uploads\/leihraederrabe-2-600x450.png 600w\" sizes=\"(max-width: 800px) 100vw, 800px\" \/>\t\t\t\t\t\t\t\t\t\t\t\t\t\t\t<\/div>\n\t\t\t\t<\/div>\n\t\t\t\t<div class=\"elementor-element elementor-element-ac63425 elementor-widget elementor-widget-text-editor\" data-id=\"ac63425\" data-element_type=\"widget\" data-e-type=\"widget\" data-widget_type=\"text-editor.default\">\n\t\t\t\t<div class=\"elementor-widget-container\">\n\t\t\t\t\t\t\t\t\t<p>Trekking-E-Bike f\u00fcr l\u00e4ngere Fahrten und effiziente Fortbewegung. Geeignet f\u00fcr K\u00f6rpergr\u00f6\u00dfen ab 170 cm<\/p>\t\t\t\t\t\t\t\t<\/div>\n\t\t\t\t<\/div>\n\t\t\t\t<div class=\"elementor-element elementor-element-a06e994 elementor-widget elementor-widget-image\" data-id=\"a06e994\" data-element_type=\"widget\" data-e-type=\"widget\" data-widget_type=\"image.default\">\n\t\t\t\t<div class=\"elementor-widget-container\">\n\t\t\t\t\t\t\t\t\t\t\t\t\t\t\t<img loading=\"lazy\" decoding=\"async\" width=\"800\" height=\"600\" src=\"https:\/\/wendlandmobil.de\/wp-content\/uploads\/leihraederkormoran-2.png\" class=\"attachment-large size-large wp-image-40729\" alt=\"\" srcset=\"https:\/\/wendlandmobil.de\/wp-content\/uploads\/leihraederkormoran-2.png 800w, https:\/\/wendlandmobil.de\/wp-content\/uploads\/leihraederkormoran-2-512x384.png 512w, https:\/\/wendlandmobil.de\/wp-content\/uploads\/leihraederkormoran-2-768x576.png 768w, https:\/\/wendlandmobil.de\/wp-content\/uploads\/leihraederkormoran-2-16x12.png 16w, https:\/\/wendlandmobil.de\/wp-content\/uploads\/leihraederkormoran-2-600x450.png 600w\" sizes=\"(max-width: 800px) 100vw, 800px\" \/>\t\t\t\t\t\t\t\t\t\t\t\t\t\t\t<\/div>\n\t\t\t\t<\/div>\n\t\t\t\t<div class=\"elementor-element elementor-element-4179f91 elementor-widget elementor-widget-text-editor\" data-id=\"4179f91\" data-element_type=\"widget\" data-e-type=\"widget\" data-widget_type=\"text-editor.default\">\n\t\t\t\t<div class=\"elementor-widget-container\">\n\t\t\t\t\t\t\t\t\t<p>Trekking-E-Bike f\u00fcr l\u00e4ngere Fahrten und effiziente Fortbewegung. Geeignet f\u00fcr K\u00f6rpergr\u00f6\u00dfen ab 170 cm<\/p>\t\t\t\t\t\t\t\t<\/div>\n\t\t\t\t<\/div>\n\t\t\t\t<\/div>\n\t\t\t\t\t<\/div>\n\t\t\t\t<\/div>\n\t\t<div class=\"elementor-element elementor-element-69c0fb5 e-con-full e-flex e-con e-parent\" data-id=\"69c0fb5\" data-element_type=\"container\" data-e-type=\"container\">\n\t\t<div class=\"elementor-element elementor-element-f764ffc e-con-full elementor-hidden-mobile e-flex e-con e-child\" data-id=\"f764ffc\" data-element_type=\"container\" data-e-type=\"container\">\n\t\t\t\t<div class=\"elementor-element elementor-element-1e98b68 elementor-position-top elementor-widget elementor-widget-image-box\" data-id=\"1e98b68\" data-element_type=\"widget\" data-e-type=\"widget\" data-widget_type=\"image-box.default\">\n\t\t\t\t<div class=\"elementor-widget-container\">\n\t\t\t\t\t<div class=\"elementor-image-box-wrapper\"><figure class=\"elementor-image-box-img\"><a href=\"https:\/\/wendlandmobil.de\/wp-content\/uploads\/leihraedermoewe-2-e1711027760142.png\" tabindex=\"-1\"><img loading=\"lazy\" decoding=\"async\" width=\"800\" height=\"546\" src=\"https:\/\/wendlandmobil.de\/wp-content\/uploads\/leihraedermoewe-2-e1711027760142.png\" class=\"attachment-full size-full wp-image-40735\" alt=\"\" srcset=\"https:\/\/wendlandmobil.de\/wp-content\/uploads\/leihraedermoewe-2-e1711027760142.png 800w, https:\/\/wendlandmobil.de\/wp-content\/uploads\/leihraedermoewe-2-e1711027760142-512x349.png 512w, https:\/\/wendlandmobil.de\/wp-content\/uploads\/leihraedermoewe-2-e1711027760142-768x524.png 768w, https:\/\/wendlandmobil.de\/wp-content\/uploads\/leihraedermoewe-2-e1711027760142-18x12.png 18w, https:\/\/wendlandmobil.de\/wp-content\/uploads\/leihraedermoewe-2-e1711027760142-600x410.png 600w\" sizes=\"(max-width: 800px) 100vw, 800px\" \/><\/a><\/figure><div class=\"elementor-image-box-content\"><h3 class=\"elementor-image-box-title\"><a href=\"https:\/\/wendlandmobil.de\/wp-content\/uploads\/leihraedermoewe-2-e1711027760142.png\">Seagull<\/a><\/h3><p class=\"elementor-image-box-description\">City e-bike with low step-through for comfortable city and country rides. Suitable for riders between 165 and 190 cm tall. <\/p><\/div><\/div>\t\t\t\t<\/div>\n\t\t\t\t<\/div>\n\t\t\t\t<div class=\"elementor-element elementor-element-c860067 elementor-position-top elementor-widget elementor-widget-image-box\" data-id=\"c860067\" data-element_type=\"widget\" data-e-type=\"widget\" data-widget_type=\"image-box.default\">\n\t\t\t\t<div class=\"elementor-widget-container\">\n\t\t\t\t\t<div class=\"elementor-image-box-wrapper\"><figure class=\"elementor-image-box-img\"><a href=\"https:\/\/wendlandmobil.de\/wp-content\/uploads\/leihraederrabe-2.png\" tabindex=\"-1\"><img loading=\"lazy\" decoding=\"async\" width=\"800\" height=\"600\" src=\"https:\/\/wendlandmobil.de\/wp-content\/uploads\/leihraederrabe-2.png\" class=\"attachment-full size-full wp-image-40730\" alt=\"\" srcset=\"https:\/\/wendlandmobil.de\/wp-content\/uploads\/leihraederrabe-2.png 800w, https:\/\/wendlandmobil.de\/wp-content\/uploads\/leihraederrabe-2-512x384.png 512w, https:\/\/wendlandmobil.de\/wp-content\/uploads\/leihraederrabe-2-768x576.png 768w, https:\/\/wendlandmobil.de\/wp-content\/uploads\/leihraederrabe-2-16x12.png 16w, https:\/\/wendlandmobil.de\/wp-content\/uploads\/leihraederrabe-2-600x450.png 600w\" sizes=\"(max-width: 800px) 100vw, 800px\" \/><\/a><\/figure><div class=\"elementor-image-box-content\"><h3 class=\"elementor-image-box-title\"><a href=\"https:\/\/wendlandmobil.de\/wp-content\/uploads\/leihraederrabe-2.png\">Raven<\/a><\/h3><p class=\"elementor-image-box-description\">Trekking e-bike for longer journeys and efficient transport. Suitable for body heights from 170cm.<\/p><\/div><\/div>\t\t\t\t<\/div>\n\t\t\t\t<\/div>\n\t\t\t\t<div class=\"elementor-element elementor-element-757d762 elementor-position-top elementor-widget elementor-widget-image-box\" data-id=\"757d762\" data-element_type=\"widget\" data-e-type=\"widget\" data-widget_type=\"image-box.default\">\n\t\t\t\t<div class=\"elementor-widget-container\">\n\t\t\t\t\t<div class=\"elementor-image-box-wrapper\"><figure class=\"elementor-image-box-img\"><a href=\"https:\/\/wendlandmobil.de\/wp-content\/uploads\/leihraedergruenfink-2.png\" tabindex=\"-1\"><img loading=\"lazy\" decoding=\"async\" width=\"800\" height=\"600\" src=\"https:\/\/wendlandmobil.de\/wp-content\/uploads\/leihraedergruenfink-2.png\" class=\"attachment-full size-full wp-image-40734\" alt=\"\" srcset=\"https:\/\/wendlandmobil.de\/wp-content\/uploads\/leihraedergruenfink-2.png 800w, https:\/\/wendlandmobil.de\/wp-content\/uploads\/leihraedergruenfink-2-512x384.png 512w, https:\/\/wendlandmobil.de\/wp-content\/uploads\/leihraedergruenfink-2-768x576.png 768w, https:\/\/wendlandmobil.de\/wp-content\/uploads\/leihraedergruenfink-2-16x12.png 16w, https:\/\/wendlandmobil.de\/wp-content\/uploads\/leihraedergruenfink-2-600x450.png 600w\" sizes=\"(max-width: 800px) 100vw, 800px\" \/><\/a><\/figure><div class=\"elementor-image-box-content\"><h3 class=\"elementor-image-box-title\"><a href=\"https:\/\/wendlandmobil.de\/wp-content\/uploads\/leihraedergruenfink-2.png\">Greenfinch<\/a><\/h3><p class=\"elementor-image-box-description\">A compact e-bike with a short wheelbase - ideal for the city and for small parking spaces. Suitable for riders between 160 and 185 cm tall.<\/p><\/div><\/div>\t\t\t\t<\/div>\n\t\t\t\t<\/div>\n\t\t\t\t<div class=\"elementor-element elementor-element-bf10ffd elementor-position-top elementor-widget elementor-widget-image-box\" data-id=\"bf10ffd\" data-element_type=\"widget\" data-e-type=\"widget\" data-widget_type=\"image-box.default\">\n\t\t\t\t<div class=\"elementor-widget-container\">\n\t\t\t\t\t<div class=\"elementor-image-box-wrapper\"><figure class=\"elementor-image-box-img\"><a href=\"https:\/\/wendlandmobil.de\/wp-content\/uploads\/leihraederpelikan-2.png\" tabindex=\"-1\"><img loading=\"lazy\" decoding=\"async\" width=\"800\" height=\"600\" src=\"https:\/\/wendlandmobil.de\/wp-content\/uploads\/leihraederpelikan-2.png\" class=\"attachment-full size-full wp-image-40733\" alt=\"\" srcset=\"https:\/\/wendlandmobil.de\/wp-content\/uploads\/leihraederpelikan-2.png 800w, https:\/\/wendlandmobil.de\/wp-content\/uploads\/leihraederpelikan-2-512x384.png 512w, https:\/\/wendlandmobil.de\/wp-content\/uploads\/leihraederpelikan-2-768x576.png 768w, https:\/\/wendlandmobil.de\/wp-content\/uploads\/leihraederpelikan-2-16x12.png 16w, https:\/\/wendlandmobil.de\/wp-content\/uploads\/leihraederpelikan-2-600x450.png 600w\" sizes=\"(max-width: 800px) 100vw, 800px\" \/><\/a><\/figure><div class=\"elementor-image-box-content\"><h3 class=\"elementor-image-box-title\"><a href=\"https:\/\/wendlandmobil.de\/wp-content\/uploads\/leihraederpelikan-2.png\">Pelican<\/a><\/h3><p class=\"elementor-image-box-description\">Compact cargo bike with large loading area for shopping and luggage. Load capacity up to 70 kg. Suitable for heights from 160 cm to 195 cm.<\/p><\/div><\/div>\t\t\t\t<\/div>\n\t\t\t\t<\/div>\n\t\t\t\t<\/div>\n\t\t<div class=\"elementor-element elementor-element-59c9d98 e-con-full elementor-hidden-mobile e-flex e-con e-child\" data-id=\"59c9d98\" data-element_type=\"container\" data-e-type=\"container\">\n\t\t\t\t<div class=\"elementor-element elementor-element-3480a1e elementor-position-top elementor-widget elementor-widget-image-box\" data-id=\"3480a1e\" data-element_type=\"widget\" data-e-type=\"widget\" data-widget_type=\"image-box.default\">\n\t\t\t\t<div class=\"elementor-widget-container\">\n\t\t\t\t\t<div class=\"elementor-image-box-wrapper\"><figure class=\"elementor-image-box-img\"><a href=\"https:\/\/wendlandmobil.de\/wp-content\/uploads\/leihraederkranich-2.png\" tabindex=\"-1\"><img loading=\"lazy\" decoding=\"async\" width=\"800\" height=\"600\" src=\"https:\/\/wendlandmobil.de\/wp-content\/uploads\/leihraederkranich-2.png\" class=\"attachment-full size-full wp-image-40727\" alt=\"\" srcset=\"https:\/\/wendlandmobil.de\/wp-content\/uploads\/leihraederkranich-2.png 800w, https:\/\/wendlandmobil.de\/wp-content\/uploads\/leihraederkranich-2-512x384.png 512w, https:\/\/wendlandmobil.de\/wp-content\/uploads\/leihraederkranich-2-768x576.png 768w, https:\/\/wendlandmobil.de\/wp-content\/uploads\/leihraederkranich-2-16x12.png 16w, https:\/\/wendlandmobil.de\/wp-content\/uploads\/leihraederkranich-2-600x450.png 600w\" sizes=\"(max-width: 800px) 100vw, 800px\" \/><\/a><\/figure><div class=\"elementor-image-box-content\"><h3 class=\"elementor-image-box-title\"><a href=\"https:\/\/wendlandmobil.de\/wp-content\/uploads\/leihraederkranich-2.png\">Crane<\/a><\/h3><p class=\"elementor-image-box-description\">City e-bike with low step-through for comfortable city and country rides. Suitable for riders between 165 and 190 cm tall. <\/p><\/div><\/div>\t\t\t\t<\/div>\n\t\t\t\t<\/div>\n\t\t\t\t<div class=\"elementor-element elementor-element-0872e29 elementor-position-top elementor-widget elementor-widget-image-box\" data-id=\"0872e29\" data-element_type=\"widget\" data-e-type=\"widget\" data-widget_type=\"image-box.default\">\n\t\t\t\t<div class=\"elementor-widget-container\">\n\t\t\t\t\t<div class=\"elementor-image-box-wrapper\"><figure class=\"elementor-image-box-img\"><a href=\"https:\/\/wendlandmobil.de\/wp-content\/uploads\/leihraederkormoran-2.png\" tabindex=\"-1\"><img loading=\"lazy\" decoding=\"async\" width=\"800\" height=\"600\" src=\"https:\/\/wendlandmobil.de\/wp-content\/uploads\/leihraederkormoran-2.png\" class=\"attachment-full size-full wp-image-40729\" alt=\"\" srcset=\"https:\/\/wendlandmobil.de\/wp-content\/uploads\/leihraederkormoran-2.png 800w, https:\/\/wendlandmobil.de\/wp-content\/uploads\/leihraederkormoran-2-512x384.png 512w, https:\/\/wendlandmobil.de\/wp-content\/uploads\/leihraederkormoran-2-768x576.png 768w, https:\/\/wendlandmobil.de\/wp-content\/uploads\/leihraederkormoran-2-16x12.png 16w, https:\/\/wendlandmobil.de\/wp-content\/uploads\/leihraederkormoran-2-600x450.png 600w\" sizes=\"(max-width: 800px) 100vw, 800px\" \/><\/a><\/figure><div class=\"elementor-image-box-content\"><h3 class=\"elementor-image-box-title\"><a href=\"https:\/\/wendlandmobil.de\/wp-content\/uploads\/leihraederkormoran-2.png\">Cormorant<\/a><\/h3><p class=\"elementor-image-box-description\">Trekking e-bike for longer journeys and efficient transport. Suitable for body heights from 170cm.<\/p><\/div><\/div>\t\t\t\t<\/div>\n\t\t\t\t<\/div>\n\t\t\t\t<div class=\"elementor-element elementor-element-f958ebf elementor-position-top elementor-widget elementor-widget-image-box\" data-id=\"f958ebf\" data-element_type=\"widget\" data-e-type=\"widget\" data-widget_type=\"image-box.default\">\n\t\t\t\t<div class=\"elementor-widget-container\">\n\t\t\t\t\t<div class=\"elementor-image-box-wrapper\"><figure class=\"elementor-image-box-img\"><a href=\"https:\/\/wendlandmobil.de\/wp-content\/uploads\/leihraedereisvogel-2.png\" tabindex=\"-1\"><img loading=\"lazy\" decoding=\"async\" width=\"800\" height=\"600\" src=\"https:\/\/wendlandmobil.de\/wp-content\/uploads\/leihraedereisvogel-2.png\" class=\"attachment-full size-full wp-image-40731\" alt=\"\" srcset=\"https:\/\/wendlandmobil.de\/wp-content\/uploads\/leihraedereisvogel-2.png 800w, https:\/\/wendlandmobil.de\/wp-content\/uploads\/leihraedereisvogel-2-512x384.png 512w, https:\/\/wendlandmobil.de\/wp-content\/uploads\/leihraedereisvogel-2-768x576.png 768w, https:\/\/wendlandmobil.de\/wp-content\/uploads\/leihraedereisvogel-2-16x12.png 16w, https:\/\/wendlandmobil.de\/wp-content\/uploads\/leihraedereisvogel-2-600x450.png 600w\" sizes=\"(max-width: 800px) 100vw, 800px\" \/><\/a><\/figure><div class=\"elementor-image-box-content\"><h3 class=\"elementor-image-box-title\"><a href=\"https:\/\/wendlandmobil.de\/wp-content\/uploads\/leihraedereisvogel-2.png\">Kingfisher<\/a><\/h3><p class=\"elementor-image-box-description\">A compact e-bike with a short wheelbase - ideal for the city and for small parking spaces. Suitable for riders between 160 and 185 cm tall.<\/p><\/div><\/div>\t\t\t\t<\/div>\n\t\t\t\t<\/div>\n\t\t\t\t<div class=\"elementor-element elementor-element-9ea92c8 elementor-position-top elementor-widget elementor-widget-image-box\" data-id=\"9ea92c8\" data-element_type=\"widget\" data-e-type=\"widget\" data-widget_type=\"image-box.default\">\n\t\t\t\t<div class=\"elementor-widget-container\">\n\t\t\t\t\t<div class=\"elementor-image-box-wrapper\"><figure class=\"elementor-image-box-img\"><a href=\"https:\/\/wendlandmobil.de\/wp-content\/uploads\/leihraederstorch-2.png\" tabindex=\"-1\"><img loading=\"lazy\" decoding=\"async\" width=\"800\" height=\"600\" src=\"https:\/\/wendlandmobil.de\/wp-content\/uploads\/leihraederstorch-2.png\" class=\"attachment-full size-full wp-image-40732\" alt=\"\" srcset=\"https:\/\/wendlandmobil.de\/wp-content\/uploads\/leihraederstorch-2.png 800w, https:\/\/wendlandmobil.de\/wp-content\/uploads\/leihraederstorch-2-512x384.png 512w, https:\/\/wendlandmobil.de\/wp-content\/uploads\/leihraederstorch-2-768x576.png 768w, https:\/\/wendlandmobil.de\/wp-content\/uploads\/leihraederstorch-2-16x12.png 16w, https:\/\/wendlandmobil.de\/wp-content\/uploads\/leihraederstorch-2-600x450.png 600w\" sizes=\"(max-width: 800px) 100vw, 800px\" \/><\/a><\/figure><div class=\"elementor-image-box-content\"><h3 class=\"elementor-image-box-title\"><a href=\"https:\/\/wendlandmobil.de\/wp-content\/uploads\/leihraederstorch-2.png\">Stork<\/a><\/h3><p class=\"elementor-image-box-description\">Lastenrad f\u00fcr Kindertransport &amp; kleines Gep\u00e4ck. Gurte, Sitzbank f\u00fcr 2 Kinder &amp; Regenverdeck. Zuladung bis 70 kg. Geeignet f\u00fcr K\u00f6rpergr\u00f6\u00dfen: 165 - 195 cm.<\/p><\/div><\/div>\t\t\t\t<\/div>\n\t\t\t\t<\/div>\n\t\t\t\t<\/div>\n\t\t\t\t<\/div>\n\t\t\t\t<section class=\"elementor-section elementor-top-section elementor-element elementor-element-71a9dda elementor-section-boxed elementor-section-height-default elementor-section-height-default\" data-id=\"71a9dda\" data-element_type=\"section\" data-e-type=\"section\">\n\t\t\t\t\t\t<div class=\"elementor-container elementor-column-gap-default\">\n\t\t\t\t\t<div class=\"elementor-column elementor-col-100 elementor-top-column elementor-element elementor-element-d4b32e0\" data-id=\"d4b32e0\" data-element_type=\"column\" data-e-type=\"column\">\n\t\t\t<div class=\"elementor-widget-wrap elementor-element-populated\">\n\t\t\t\t\t\t<div class=\"elementor-element elementor-element-292deb7 elementor-widget elementor-widget-spacer\" data-id=\"292deb7\" data-element_type=\"widget\" data-e-type=\"widget\" data-widget_type=\"spacer.default\">\n\t\t\t\t<div class=\"elementor-widget-container\">\n\t\t\t\t\t\t\t<div class=\"elementor-spacer\">\n\t\t\t<div class=\"elementor-spacer-inner\"><\/div>\n\t\t<\/div>\n\t\t\t\t\t\t<\/div>\n\t\t\t\t<\/div>\n\t\t\t\t<div class=\"elementor-element elementor-element-5ad3ce7 elementor-widget__width-initial elementor-widget elementor-widget-text-editor\" data-id=\"5ad3ce7\" data-element_type=\"widget\" data-e-type=\"widget\" data-widget_type=\"text-editor.default\">\n\t\t\t\t<div class=\"elementor-widget-container\">\n\t\t\t\t\t\t\t\t\t<h4>Our children's hire bikes<\/h4><p>What do the kids do when mum or dad goes to the DIY store to buy heavy things, for example, on a cargo e-bike? <strong>It's obvious: you're coming along, of course!<\/strong> And for that too, we lend out a total of 7 bikes and a child trailer with optional baby hammock, also for four weeks.<\/p><p>They can be rented in combination with one of our e-bikes and of course also individually. This way, children between 3 months and 6 years can always be with you.<\/p><p><strong>Choose from our children's bikes and the children's trailer.<\/strong><\/p>\t\t\t\t\t\t\t\t<\/div>\n\t\t\t\t<\/div>\n\t\t\t\t\t<\/div>\n\t\t<\/div>\n\t\t\t\t\t<\/div>\n\t\t<\/section>\n\t\t<div class=\"elementor-element elementor-element-a94ca8a e-flex e-con-boxed e-con e-parent\" data-id=\"a94ca8a\" data-element_type=\"container\" data-e-type=\"container\">\n\t\t\t\t\t<div class=\"e-con-inner\">\n\t\t\t\t<div class=\"elementor-element elementor-element-fc74922 elementor-widget elementor-widget-gallery\" data-id=\"fc74922\" data-element_type=\"widget\" data-e-type=\"widget\" data-settings=\"{&quot;gallery_layout&quot;:&quot;masonry&quot;,&quot;columns&quot;:2,&quot;gap&quot;:{&quot;unit&quot;:&quot;px&quot;,&quot;size&quot;:5,&quot;sizes&quot;:[]},&quot;lazyload&quot;:&quot;yes&quot;,&quot;columns_tablet&quot;:2,&quot;columns_mobile&quot;:1,&quot;gap_laptop&quot;:{&quot;unit&quot;:&quot;px&quot;,&quot;size&quot;:10,&quot;sizes&quot;:[]},&quot;gap_tablet&quot;:{&quot;unit&quot;:&quot;px&quot;,&quot;size&quot;:10,&quot;sizes&quot;:[]},&quot;gap_mobile&quot;:{&quot;unit&quot;:&quot;px&quot;,&quot;size&quot;:10,&quot;sizes&quot;:[]},&quot;link_to&quot;:&quot;file&quot;,&quot;overlay_background&quot;:&quot;yes&quot;,&quot;content_hover_animation&quot;:&quot;fade-in&quot;}\" data-widget_type=\"gallery.default\">\n\t\t\t\t<div class=\"elementor-widget-container\">\n\t\t\t\t\t\t\t<div class=\"elementor-gallery__container\">\n\t\t\t\t\t\t\t<a class=\"e-gallery-item elementor-gallery-item elementor-animated-content\" href=\"https:\/\/wendlandmobil.de\/wp-content\/uploads\/IMG_0471-2.jpg\" data-elementor-open-lightbox=\"yes\" data-elementor-lightbox-slideshow=\"fc74922\" data-elementor-lightbox-title=\"IMG_0471.jpg\" data-e-action-hash=\"#elementor-action%3Aaction%3Dlightbox%26settings%3DeyJpZCI6NDA3MzYsInVybCI6Imh0dHBzOlwvXC93ZW5kbGFuZG1vYmlsLmRlXC93cC1jb250ZW50XC91cGxvYWRzXC9JTUdfMDQ3MS0yLmpwZyIsInNsaWRlc2hvdyI6ImZjNzQ5MjIifQ%3D%3D\">\n\t\t\t\t\t<div class=\"e-gallery-image elementor-gallery-item__image\" data-thumbnail=\"https:\/\/wendlandmobil.de\/wp-content\/uploads\/IMG_0471-2-512x341.jpg\" data-width=\"512\" data-height=\"341\" aria-label=\"\" role=\"img\" ><\/div>\n\t\t\t\t\t\t\t\t\t\t\t<div class=\"elementor-gallery-item__overlay\"><\/div>\n\t\t\t\t\t\t\t\t\t\t\t\t\t\t<\/a>\n\t\t\t\t\t\t\t<a class=\"e-gallery-item elementor-gallery-item elementor-animated-content\" href=\"https:\/\/wendlandmobil.de\/wp-content\/uploads\/IMG_0469-2.jpg\" data-elementor-open-lightbox=\"yes\" data-elementor-lightbox-slideshow=\"fc74922\" data-elementor-lightbox-title=\"IMG_0469.jpg\" data-e-action-hash=\"#elementor-action%3Aaction%3Dlightbox%26settings%3DeyJpZCI6NDA3MzcsInVybCI6Imh0dHBzOlwvXC93ZW5kbGFuZG1vYmlsLmRlXC93cC1jb250ZW50XC91cGxvYWRzXC9JTUdfMDQ2OS0yLmpwZyIsInNsaWRlc2hvdyI6ImZjNzQ5MjIifQ%3D%3D\">\n\t\t\t\t\t<div class=\"e-gallery-image elementor-gallery-item__image\" data-thumbnail=\"https:\/\/wendlandmobil.de\/wp-content\/uploads\/IMG_0469-2-512x341.jpg\" data-width=\"512\" data-height=\"341\" aria-label=\"\" role=\"img\" ><\/div>\n\t\t\t\t\t\t\t\t\t\t\t<div class=\"elementor-gallery-item__overlay\"><\/div>\n\t\t\t\t\t\t\t\t\t\t\t\t\t\t<\/a>\n\t\t\t\t\t\t\t<a class=\"e-gallery-item elementor-gallery-item elementor-animated-content\" href=\"https:\/\/wendlandmobil.de\/wp-content\/uploads\/IMG_0463-2.jpg\" data-elementor-open-lightbox=\"yes\" data-elementor-lightbox-slideshow=\"fc74922\" data-elementor-lightbox-title=\"IMG_0463.jpg\" data-e-action-hash=\"#elementor-action%3Aaction%3Dlightbox%26settings%3DeyJpZCI6NDA3MzgsInVybCI6Imh0dHBzOlwvXC93ZW5kbGFuZG1vYmlsLmRlXC93cC1jb250ZW50XC91cGxvYWRzXC9JTUdfMDQ2My0yLmpwZyIsInNsaWRlc2hvdyI6ImZjNzQ5MjIifQ%3D%3D\">\n\t\t\t\t\t<div class=\"e-gallery-image elementor-gallery-item__image\" data-thumbnail=\"https:\/\/wendlandmobil.de\/wp-content\/uploads\/IMG_0463-2-512x341.jpg\" data-width=\"512\" data-height=\"341\" aria-label=\"\" role=\"img\" ><\/div>\n\t\t\t\t\t\t\t\t\t\t\t<div class=\"elementor-gallery-item__overlay\"><\/div>\n\t\t\t\t\t\t\t\t\t\t\t\t\t\t<\/a>\n\t\t\t\t\t\t\t<a class=\"e-gallery-item elementor-gallery-item elementor-animated-content\" href=\"https:\/\/wendlandmobil.de\/wp-content\/uploads\/IMG_0458-2.jpg\" data-elementor-open-lightbox=\"yes\" data-elementor-lightbox-slideshow=\"fc74922\" data-elementor-lightbox-title=\"IMG_0458.jpg\" data-e-action-hash=\"#elementor-action%3Aaction%3Dlightbox%26settings%3DeyJpZCI6NDA3MzksInVybCI6Imh0dHBzOlwvXC93ZW5kbGFuZG1vYmlsLmRlXC93cC1jb250ZW50XC91cGxvYWRzXC9JTUdfMDQ1OC0yLmpwZyIsInNsaWRlc2hvdyI6ImZjNzQ5MjIifQ%3D%3D\">\n\t\t\t\t\t<div class=\"e-gallery-image elementor-gallery-item__image\" data-thumbnail=\"https:\/\/wendlandmobil.de\/wp-content\/uploads\/IMG_0458-2-512x341.jpg\" data-width=\"512\" data-height=\"341\" aria-label=\"\" role=\"img\" ><\/div>\n\t\t\t\t\t\t\t\t\t\t\t<div class=\"elementor-gallery-item__overlay\"><\/div>\n\t\t\t\t\t\t\t\t\t\t\t\t\t\t<\/a>\n\t\t\t\t\t\t\t<a class=\"e-gallery-item elementor-gallery-item elementor-animated-content\" href=\"https:\/\/wendlandmobil.de\/wp-content\/uploads\/IMG_0452-2.jpg\" data-elementor-open-lightbox=\"yes\" data-elementor-lightbox-slideshow=\"fc74922\" data-elementor-lightbox-title=\"IMG_0452.jpg\" data-e-action-hash=\"#elementor-action%3Aaction%3Dlightbox%26settings%3DeyJpZCI6NDA3NDAsInVybCI6Imh0dHBzOlwvXC93ZW5kbGFuZG1vYmlsLmRlXC93cC1jb250ZW50XC91cGxvYWRzXC9JTUdfMDQ1Mi0yLmpwZyIsInNsaWRlc2hvdyI6ImZjNzQ5MjIifQ%3D%3D\">\n\t\t\t\t\t<div class=\"e-gallery-image elementor-gallery-item__image\" data-thumbnail=\"https:\/\/wendlandmobil.de\/wp-content\/uploads\/IMG_0452-2-512x341.jpg\" data-width=\"512\" data-height=\"341\" aria-label=\"\" role=\"img\" ><\/div>\n\t\t\t\t\t\t\t\t\t\t\t<div class=\"elementor-gallery-item__overlay\"><\/div>\n\t\t\t\t\t\t\t\t\t\t\t\t\t\t<\/a>\n\t\t\t\t\t<\/div>\n\t\t\t\t\t<\/div>\n\t\t\t\t<\/div>\n\t\t\t\t\t<\/div>\n\t\t\t\t<\/div>\n\t\t\t\t<\/div>","protected":false},"excerpt":{"rendered":"<p>6 pedelecs &amp; 2 e-cargo bikes to borrow free of charge thanks to funding project The funding project aims to increase the use of (cargo) bikes or pedelecs for short and medium distances in rural areas instead of cars. Information on the joint project, the cycle priority routes and the bike boxes can be found here. One component of this project is the free hire of...<\/p>","protected":false},"author":1,"featured_media":42262,"parent":40467,"menu_order":0,"comment_status":"closed","ping_status":"closed","template":"","meta":{"footnotes":""},"class_list":["post-40677","page","type-page","status-publish","has-post-thumbnail","hentry"],"yoast_head":"<!-- This site is optimized with the Yoast SEO plugin v27.5 - https:\/\/yoast.com\/product\/yoast-seo-wordpress\/ -->\n<title>Leih&#039; Dein E-Bike - Wendland Mobil<\/title>\n<meta name=\"robots\" content=\"index, follow, max-snippet:-1, max-image-preview:large, max-video-preview:-1\" \/>\n<link rel=\"canonical\" href=\"https:\/\/wendlandmobil.de\/en\/mobility-offers\/rent-your-e-bike\/\" \/>\n<meta property=\"og:locale\" content=\"en_GB\" \/>\n<meta property=\"og:type\" content=\"article\" \/>\n<meta property=\"og:title\" content=\"Leih&#039; Dein E-Bike - Wendland Mobil\" \/>\n<meta property=\"og:description\" content=\"6 Pedelecs &amp; 2 E-Lastenr\u00e4der zur kostenlosen Ausleihe dank F\u00f6rderprojekt Das F\u00f6rdervorhaben zielt darauf ab, auch im l\u00e4ndlichen Raum bei kurzen und mittleren Strecken vermehrt das (Lasten-)Rad oder Pedelec und weniger das Auto zu nutzen. Informationen zum Verbundvorhaben, zu den Radvorrangrouten oder den Fahrradboxen finden Sie hier. Ein Bestandteil dieses Projekts ist der kostenlose Verleih&hellip;\" \/>\n<meta property=\"og:url\" content=\"https:\/\/wendlandmobil.de\/en\/mobility-offers\/rent-your-e-bike\/\" \/>\n<meta property=\"og:site_name\" content=\"Wendland Mobil\" \/>\n<meta property=\"article:publisher\" content=\"https:\/\/www.facebook.com\/MobilitaetsagenturWendlandElbe\/\" \/>\n<meta property=\"article:modified_time\" content=\"2025-03-24T08:53:12+00:00\" \/>\n<meta property=\"og:image\" content=\"https:\/\/wendlandmobil.de\/wp-content\/uploads\/header-pedelecs2.png\" \/>\n\t<meta property=\"og:image:width\" content=\"1920\" \/>\n\t<meta property=\"og:image:height\" content=\"600\" \/>\n\t<meta property=\"og:image:type\" content=\"image\/png\" \/>\n<meta name=\"twitter:card\" content=\"summary_large_image\" \/>\n<meta name=\"twitter:label1\" content=\"Estimated reading time\" \/>\n\t<meta name=\"twitter:data1\" content=\"7 minutes\" \/>\n<script type=\"application\/ld+json\" class=\"yoast-schema-graph\">{\"@context\":\"https:\\\/\\\/schema.org\",\"@graph\":[{\"@type\":\"WebPage\",\"@id\":\"https:\\\/\\\/wendlandmobil.de\\\/mobilitaetsangebote\\\/leih-dein-e-bike\\\/\",\"url\":\"https:\\\/\\\/wendlandmobil.de\\\/mobilitaetsangebote\\\/leih-dein-e-bike\\\/\",\"name\":\"Leih' Dein E-Bike - Wendland Mobil\",\"isPartOf\":{\"@id\":\"https:\\\/\\\/wendlandmobil.de\\\/#website\"},\"primaryImageOfPage\":{\"@id\":\"https:\\\/\\\/wendlandmobil.de\\\/mobilitaetsangebote\\\/leih-dein-e-bike\\\/#primaryimage\"},\"image\":{\"@id\":\"https:\\\/\\\/wendlandmobil.de\\\/mobilitaetsangebote\\\/leih-dein-e-bike\\\/#primaryimage\"},\"thumbnailUrl\":\"https:\\\/\\\/wendlandmobil.de\\\/wp-content\\\/uploads\\\/header-pedelecs2.png\",\"datePublished\":\"2024-02-19T14:37:04+00:00\",\"dateModified\":\"2025-03-24T08:53:12+00:00\",\"breadcrumb\":{\"@id\":\"https:\\\/\\\/wendlandmobil.de\\\/mobilitaetsangebote\\\/leih-dein-e-bike\\\/#breadcrumb\"},\"inLanguage\":\"en-GB\",\"potentialAction\":[{\"@type\":\"ReadAction\",\"target\":[\"https:\\\/\\\/wendlandmobil.de\\\/mobilitaetsangebote\\\/leih-dein-e-bike\\\/\"]}]},{\"@type\":\"ImageObject\",\"inLanguage\":\"en-GB\",\"@id\":\"https:\\\/\\\/wendlandmobil.de\\\/mobilitaetsangebote\\\/leih-dein-e-bike\\\/#primaryimage\",\"url\":\"https:\\\/\\\/wendlandmobil.de\\\/wp-content\\\/uploads\\\/header-pedelecs2.png\",\"contentUrl\":\"https:\\\/\\\/wendlandmobil.de\\\/wp-content\\\/uploads\\\/header-pedelecs2.png\",\"width\":1920,\"height\":600},{\"@type\":\"BreadcrumbList\",\"@id\":\"https:\\\/\\\/wendlandmobil.de\\\/mobilitaetsangebote\\\/leih-dein-e-bike\\\/#breadcrumb\",\"itemListElement\":[{\"@type\":\"ListItem\",\"position\":1,\"name\":\"Startseite\",\"item\":\"https:\\\/\\\/wendlandmobil.de\\\/\"},{\"@type\":\"ListItem\",\"position\":2,\"name\":\"Mobilit\u00e4tsangebote\",\"item\":\"https:\\\/\\\/wendlandmobil.de\\\/mobilitaetsangebote\\\/\"},{\"@type\":\"ListItem\",\"position\":3,\"name\":\"Leih&#8217; Dein E-Bike\"}]},{\"@type\":\"WebSite\",\"@id\":\"https:\\\/\\\/wendlandmobil.de\\\/#website\",\"url\":\"https:\\\/\\\/wendlandmobil.de\\\/\",\"name\":\"Wendland Mobil\",\"description\":\"\",\"publisher\":{\"@id\":\"https:\\\/\\\/wendlandmobil.de\\\/#organization\"},\"potentialAction\":[{\"@type\":\"SearchAction\",\"target\":{\"@type\":\"EntryPoint\",\"urlTemplate\":\"https:\\\/\\\/wendlandmobil.de\\\/?s={search_term_string}\"},\"query-input\":{\"@type\":\"PropertyValueSpecification\",\"valueRequired\":true,\"valueName\":\"search_term_string\"}}],\"inLanguage\":\"en-GB\"},{\"@type\":\"Organization\",\"@id\":\"https:\\\/\\\/wendlandmobil.de\\\/#organization\",\"name\":\"Wendland Mobil\",\"url\":\"https:\\\/\\\/wendlandmobil.de\\\/\",\"logo\":{\"@type\":\"ImageObject\",\"inLanguage\":\"en-GB\",\"@id\":\"https:\\\/\\\/wendlandmobil.de\\\/#\\\/schema\\\/logo\\\/image\\\/\",\"url\":\"https:\\\/\\\/wendlandmobil.de\\\/wp-content\\\/uploads\\\/LogoWendland.png\",\"contentUrl\":\"https:\\\/\\\/wendlandmobil.de\\\/wp-content\\\/uploads\\\/LogoWendland.png\",\"width\":384,\"height\":81,\"caption\":\"Wendland Mobil\"},\"image\":{\"@id\":\"https:\\\/\\\/wendlandmobil.de\\\/#\\\/schema\\\/logo\\\/image\\\/\"},\"sameAs\":[\"https:\\\/\\\/www.facebook.com\\\/MobilitaetsagenturWendlandElbe\\\/\",\"https:\\\/\\\/www.instagram.com\\\/mobilimwendland\\\/\"]}]}<\/script>\n<!-- \/ Yoast SEO plugin. -->","yoast_head_json":{"title":"Rent your e-bike - Wendland Mobil","robots":{"index":"index","follow":"follow","max-snippet":"max-snippet:-1","max-image-preview":"max-image-preview:large","max-video-preview":"max-video-preview:-1"},"canonical":"https:\/\/wendlandmobil.de\/en\/mobility-offers\/rent-your-e-bike\/","og_locale":"en_GB","og_type":"article","og_title":"Leih' Dein E-Bike - Wendland Mobil","og_description":"6 Pedelecs &amp; 2 E-Lastenr\u00e4der zur kostenlosen Ausleihe dank F\u00f6rderprojekt Das F\u00f6rdervorhaben zielt darauf ab, auch im l\u00e4ndlichen Raum bei kurzen und mittleren Strecken vermehrt das (Lasten-)Rad oder Pedelec und weniger das Auto zu nutzen. Informationen zum Verbundvorhaben, zu den Radvorrangrouten oder den Fahrradboxen finden Sie hier. Ein Bestandteil dieses Projekts ist der kostenlose Verleih&hellip;","og_url":"https:\/\/wendlandmobil.de\/en\/mobility-offers\/rent-your-e-bike\/","og_site_name":"Wendland Mobil","article_publisher":"https:\/\/www.facebook.com\/MobilitaetsagenturWendlandElbe\/","article_modified_time":"2025-03-24T08:53:12+00:00","og_image":[{"width":1920,"height":600,"url":"https:\/\/wendlandmobil.de\/wp-content\/uploads\/header-pedelecs2.png","type":"image\/png"}],"twitter_card":"summary_large_image","twitter_misc":{"Estimated reading time":"7 minutes"},"schema":{"@context":"https:\/\/schema.org","@graph":[{"@type":"WebPage","@id":"https:\/\/wendlandmobil.de\/mobilitaetsangebote\/leih-dein-e-bike\/","url":"https:\/\/wendlandmobil.de\/mobilitaetsangebote\/leih-dein-e-bike\/","name":"Rent your e-bike - Wendland Mobil","isPartOf":{"@id":"https:\/\/wendlandmobil.de\/#website"},"primaryImageOfPage":{"@id":"https:\/\/wendlandmobil.de\/mobilitaetsangebote\/leih-dein-e-bike\/#primaryimage"},"image":{"@id":"https:\/\/wendlandmobil.de\/mobilitaetsangebote\/leih-dein-e-bike\/#primaryimage"},"thumbnailUrl":"https:\/\/wendlandmobil.de\/wp-content\/uploads\/header-pedelecs2.png","datePublished":"2024-02-19T14:37:04+00:00","dateModified":"2025-03-24T08:53:12+00:00","breadcrumb":{"@id":"https:\/\/wendlandmobil.de\/mobilitaetsangebote\/leih-dein-e-bike\/#breadcrumb"},"inLanguage":"en-GB","potentialAction":[{"@type":"ReadAction","target":["https:\/\/wendlandmobil.de\/mobilitaetsangebote\/leih-dein-e-bike\/"]}]},{"@type":"ImageObject","inLanguage":"en-GB","@id":"https:\/\/wendlandmobil.de\/mobilitaetsangebote\/leih-dein-e-bike\/#primaryimage","url":"https:\/\/wendlandmobil.de\/wp-content\/uploads\/header-pedelecs2.png","contentUrl":"https:\/\/wendlandmobil.de\/wp-content\/uploads\/header-pedelecs2.png","width":1920,"height":600},{"@type":"BreadcrumbList","@id":"https:\/\/wendlandmobil.de\/mobilitaetsangebote\/leih-dein-e-bike\/#breadcrumb","itemListElement":[{"@type":"ListItem","position":1,"name":"Startseite","item":"https:\/\/wendlandmobil.de\/"},{"@type":"ListItem","position":2,"name":"Mobilit\u00e4tsangebote","item":"https:\/\/wendlandmobil.de\/mobilitaetsangebote\/"},{"@type":"ListItem","position":3,"name":"Leih&#8217; Dein E-Bike"}]},{"@type":"WebSite","@id":"https:\/\/wendlandmobil.de\/#website","url":"https:\/\/wendlandmobil.de\/","name":"Wendland Mobile","description":"","publisher":{"@id":"https:\/\/wendlandmobil.de\/#organization"},"potentialAction":[{"@type":"SearchAction","target":{"@type":"EntryPoint","urlTemplate":"https:\/\/wendlandmobil.de\/?s={search_term_string}"},"query-input":{"@type":"PropertyValueSpecification","valueRequired":true,"valueName":"search_term_string"}}],"inLanguage":"en-GB"},{"@type":"Organization","@id":"https:\/\/wendlandmobil.de\/#organization","name":"Wendland Mobile","url":"https:\/\/wendlandmobil.de\/","logo":{"@type":"ImageObject","inLanguage":"en-GB","@id":"https:\/\/wendlandmobil.de\/#\/schema\/logo\/image\/","url":"https:\/\/wendlandmobil.de\/wp-content\/uploads\/LogoWendland.png","contentUrl":"https:\/\/wendlandmobil.de\/wp-content\/uploads\/LogoWendland.png","width":384,"height":81,"caption":"Wendland Mobil"},"image":{"@id":"https:\/\/wendlandmobil.de\/#\/schema\/logo\/image\/"},"sameAs":["https:\/\/www.facebook.com\/MobilitaetsagenturWendlandElbe\/","https:\/\/www.instagram.com\/mobilimwendland\/"]}]}},"_links":{"self":[{"href":"https:\/\/wendlandmobil.de\/en\/wp-json\/wp\/v2\/pages\/40677","targetHints":{"allow":["GET"]}}],"collection":[{"href":"https:\/\/wendlandmobil.de\/en\/wp-json\/wp\/v2\/pages"}],"about":[{"href":"https:\/\/wendlandmobil.de\/en\/wp-json\/wp\/v2\/types\/page"}],"author":[{"embeddable":true,"href":"https:\/\/wendlandmobil.de\/en\/wp-json\/wp\/v2\/users\/1"}],"replies":[{"embeddable":true,"href":"https:\/\/wendlandmobil.de\/en\/wp-json\/wp\/v2\/comments?post=40677"}],"version-history":[{"count":5,"href":"https:\/\/wendlandmobil.de\/en\/wp-json\/wp\/v2\/pages\/40677\/revisions"}],"predecessor-version":[{"id":46323,"href":"https:\/\/wendlandmobil.de\/en\/wp-json\/wp\/v2\/pages\/40677\/revisions\/46323"}],"up":[{"embeddable":true,"href":"https:\/\/wendlandmobil.de\/en\/wp-json\/wp\/v2\/pages\/40467"}],"wp:featuredmedia":[{"embeddable":true,"href":"https:\/\/wendlandmobil.de\/en\/wp-json\/wp\/v2\/media\/42262"}],"wp:attachment":[{"href":"https:\/\/wendlandmobil.de\/en\/wp-json\/wp\/v2\/media?parent=40677"}],"curies":[{"name":"wp","href":"https:\/\/api.w.org\/{rel}","templated":true}]}}