{"id":40637,"date":"2024-02-19T15:22:03","date_gmt":"2024-02-19T14:22:03","guid":{"rendered":"https:\/\/wendlandmobil.de\/?page_id=40637"},"modified":"2025-12-11T15:38:28","modified_gmt":"2025-12-11T14:38:28","slug":"cycle-traffic","status":"publish","type":"page","link":"https:\/\/wendlandmobil.de\/en\/mobilitaetsangebote\/radverkehr\/","title":{"rendered":"Cycling"},"content":{"rendered":"<div data-elementor-type=\"wp-page\" data-elementor-id=\"40637\" class=\"elementor elementor-40637\" data-elementor-post-type=\"page\">\n\t\t\t\t<div class=\"elementor-element elementor-element-d1ee177 e-flex e-con-boxed e-con e-parent\" data-id=\"d1ee177\" data-element_type=\"container\" data-e-type=\"container\">\n\t\t\t\t\t<div class=\"e-con-inner\">\n\t\t\t\t<div class=\"elementor-element elementor-element-c1b9e7f elementor-widget elementor-widget-text-editor\" data-id=\"c1b9e7f\" data-element_type=\"widget\" data-e-type=\"widget\" data-widget_type=\"text-editor.default\">\n\t\t\t\t<div class=\"elementor-widget-container\">\n\t\t\t\t\t\t\t\t\t<h5>Der Radverkehr nimmt in L\u00fcchow-Dannenberg einen wichtigen Baustein der Mobilit\u00e4t ein und ist ein Schwerpunkt innerhalb des Kommunalen Mobilit\u00e4tsmanagements.<\/h5><p>Unser Radverkehrskoordinator k\u00fcmmert sich um die vielf\u00e4ltigen Themen rund um den Radverkehr und ist dabei mit den Samtgemeinden in engem Austausch.<\/p><p>Mithilfe von F\u00f6rdermitteln werden verschiedene Projekte zur F\u00f6rderung des Radverkehrs und zur Verbesserung der Radinfrastruktur umgesetzt.<\/p>\t\t\t\t\t\t\t\t<\/div>\n\t\t\t\t<\/div>\n\t\t\t\t<div class=\"elementor-element elementor-element-cae891a elementor-widget elementor-widget-spacer\" data-id=\"cae891a\" data-element_type=\"widget\" data-e-type=\"widget\" data-widget_type=\"spacer.default\">\n\t\t\t\t<div class=\"elementor-widget-container\">\n\t\t\t\t\t\t\t<div class=\"elementor-spacer\">\n\t\t\t<div class=\"elementor-spacer-inner\"><\/div>\n\t\t<\/div>\n\t\t\t\t\t\t<\/div>\n\t\t\t\t<\/div>\n\t\t\t\t<div class=\"elementor-element elementor-element-864beb1 elementor-widget elementor-widget-heading\" data-id=\"864beb1\" data-element_type=\"widget\" data-e-type=\"widget\" data-widget_type=\"heading.default\">\n\t\t\t\t<div class=\"elementor-widget-container\">\n\t\t\t\t\t<h2 class=\"elementor-heading-title elementor-size-default\">Das Radverkehrskonzept<\/h2>\t\t\t\t<\/div>\n\t\t\t\t<\/div>\n\t\t\t\t<div class=\"elementor-element elementor-element-d586056 elementor-widget elementor-widget-text-editor\" data-id=\"d586056\" data-element_type=\"widget\" data-e-type=\"widget\" data-widget_type=\"text-editor.default\">\n\t\t\t\t<div class=\"elementor-widget-container\">\n\t\t\t\t\t\t\t\t\t<h5>Der Landkreis L\u00fcchow-Dannenberg erarbeitet gemeinsam mit dem Planungsb\u00fcro Mobilit\u00e4tswerk GmbH ein Radverkehrskonzept f\u00fcr sichere und nutzerfreundliche Radwege.\u00a0<\/h5><p>Kreisweit soll daf\u00fcr eine Bestandsaufnahme des aktuellen Netzes Auskunft \u00fcber Problemstellen, gef\u00e4hrliche Verkehrsf\u00fchrungen und L\u00fccken informieren. Hierzu Arbeiten wir mit der Bev\u00f6lkerung, mit den Gemeinden und den Baulasttr\u00e4gern zusammen. Anschlie\u00dfend soll ein Zielnetz und Ma\u00dfnahmen entwickelt werden, die als Grundlage f\u00fcr die kommenden Jahre der Radverkehrsentwicklung in L\u00fcchow-Dannenberg dienen.<\/p>\t\t\t\t\t\t\t\t<\/div>\n\t\t\t\t<\/div>\n\t\t\t\t<div class=\"elementor-element elementor-element-50b448f elementor-align-left elementor-widget elementor-widget-button\" data-id=\"50b448f\" data-element_type=\"widget\" data-e-type=\"widget\" data-widget_type=\"button.default\">\n\t\t\t\t<div class=\"elementor-widget-container\">\n\t\t\t\t\t\t\t\t\t<div class=\"elementor-button-wrapper\">\n\t\t\t\t\t<a class=\"elementor-button elementor-button-link elementor-size-sm\" href=\"https:\/\/wendlandmobil.de\/en\/das-radverkehrskonzept\/\">\n\t\t\t\t\t\t<span class=\"elementor-button-content-wrapper\">\n\t\t\t\t\t\t\t\t\t<span class=\"elementor-button-text\">Hier gibt es weitere Infos zum Radverkehrskonzept<\/span>\n\t\t\t\t\t<\/span>\n\t\t\t\t\t<\/a>\n\t\t\t\t<\/div>\n\t\t\t\t\t\t\t\t<\/div>\n\t\t\t\t<\/div>\n\t\t\t\t<div class=\"elementor-element elementor-element-fed2939 elementor-widget elementor-widget-spacer\" data-id=\"fed2939\" data-element_type=\"widget\" data-e-type=\"widget\" data-widget_type=\"spacer.default\">\n\t\t\t\t<div class=\"elementor-widget-container\">\n\t\t\t\t\t\t\t<div class=\"elementor-spacer\">\n\t\t\t<div class=\"elementor-spacer-inner\"><\/div>\n\t\t<\/div>\n\t\t\t\t\t\t<\/div>\n\t\t\t\t<\/div>\n\t\t\t\t<div class=\"elementor-element elementor-element-f08f658 elementor-widget elementor-widget-heading\" data-id=\"f08f658\" data-element_type=\"widget\" data-e-type=\"widget\" data-widget_type=\"heading.default\">\n\t\t\t\t<div class=\"elementor-widget-container\">\n\t\t\t\t\t<h2 class=\"elementor-heading-title elementor-size-default\">Neue Wege f\u00fcr Neue R\u00e4der<\/h2>\t\t\t\t<\/div>\n\t\t\t\t<\/div>\n\t\t\t\t<div class=\"elementor-element elementor-element-3094d86 elementor-widget elementor-widget-text-editor\" data-id=\"3094d86\" data-element_type=\"widget\" data-e-type=\"widget\" data-widget_type=\"text-editor.default\">\n\t\t\t\t<div class=\"elementor-widget-container\">\n\t\t\t\t\t\t\t\t\t<h4>Ein Verbundprojekt zur Verbesserung der Radinfrastruktur im Landkreis L\u00fcchow-Dannenberg<\/h4><p>Improving the infrastructure for cycling is of great importance for road safety, the attractiveness of the region and climate protection. This is where the \"Joint project: NKI: New paths for new bikes in the district of L\u00fcchow-Dannenberg\" comes in. The district's climate protection management, in cooperation with the joint municipalities of L\u00fcchow (Wendland) and Elbtalaue, has raised over \u20ac 4 million in funding for this purpose.<\/p>\t\t\t\t\t\t\t\t<\/div>\n\t\t\t\t<\/div>\n\t\t\t\t<div class=\"elementor-element elementor-element-06fcff8 elementor-widget elementor-widget-text-editor\" data-id=\"06fcff8\" data-element_type=\"widget\" data-e-type=\"widget\" data-widget_type=\"text-editor.default\">\n\t\t\t\t<div class=\"elementor-widget-container\">\n\t\t\t\t\t\t\t\t\t<h4>Es ist soweit: 50 Fahrradboxen ab 12. Januar 2026 buchbar<\/h4><p>Im Rahmen des Verbundprojekts wurden 50 neue Fahrradboxen an Verkehrsknotenpunkten in L\u00fcchow-Dannenberg aufgestellt. Sie bieten die M\u00f6glichkeit, Fahrr\u00e4der sicher abzustellen und zu laden.<\/p>\t\t\t\t\t\t\t\t<\/div>\n\t\t\t\t<\/div>\n\t\t\t\t<div class=\"elementor-element elementor-element-d3b7338 elementor-widget-laptop__width-initial elementor-widget elementor-widget-image\" data-id=\"d3b7338\" data-element_type=\"widget\" data-e-type=\"widget\" data-widget_type=\"image.default\">\n\t\t\t\t<div class=\"elementor-widget-container\">\n\t\t\t\t\t\t\t\t\t\t\t\t\t\t\t<img fetchpriority=\"high\" decoding=\"async\" width=\"384\" height=\"512\" src=\"https:\/\/wendlandmobil.de\/wp-content\/uploads\/20251211_092112-384x512.jpg\" class=\"attachment-medium size-medium wp-image-54913\" alt=\"\" srcset=\"https:\/\/wendlandmobil.de\/wp-content\/uploads\/20251211_092112-384x512.jpg 384w, https:\/\/wendlandmobil.de\/wp-content\/uploads\/20251211_092112-768x1024.jpg 768w, https:\/\/wendlandmobil.de\/wp-content\/uploads\/20251211_092112-1152x1536.jpg 1152w, https:\/\/wendlandmobil.de\/wp-content\/uploads\/20251211_092112-1536x2048.jpg 1536w, https:\/\/wendlandmobil.de\/wp-content\/uploads\/20251211_092112-9x12.jpg 9w, https:\/\/wendlandmobil.de\/wp-content\/uploads\/20251211_092112-600x800.jpg 600w, https:\/\/wendlandmobil.de\/wp-content\/uploads\/20251211_092112-scaled.jpg 1920w\" sizes=\"(max-width: 384px) 100vw, 384px\" \/>\t\t\t\t\t\t\t\t\t\t\t\t\t\t\t<\/div>\n\t\t\t\t<\/div>\n\t\t\t\t<div class=\"elementor-element elementor-element-89943a5 elementor-widget elementor-widget-button\" data-id=\"89943a5\" data-element_type=\"widget\" data-e-type=\"widget\" data-widget_type=\"button.default\">\n\t\t\t\t<div class=\"elementor-widget-container\">\n\t\t\t\t\t\t\t\t\t<div class=\"elementor-button-wrapper\">\n\t\t\t\t\t<a class=\"elementor-button elementor-button-link elementor-size-sm\" href=\"https:\/\/wendlandmobil.de\/en\/fahrradboxen\/\">\n\t\t\t\t\t\t<span class=\"elementor-button-content-wrapper\">\n\t\t\t\t\t\t\t\t\t<span class=\"elementor-button-text\">Hier geht\u00b4s zu weiteren Infos zu den Fahrradboxen<\/span>\n\t\t\t\t\t<\/span>\n\t\t\t\t\t<\/a>\n\t\t\t\t<\/div>\n\t\t\t\t\t\t\t\t<\/div>\n\t\t\t\t<\/div>\n\t\t\t\t<div class=\"elementor-element elementor-element-e93c0b6 elementor-widget elementor-widget-spacer\" data-id=\"e93c0b6\" data-element_type=\"widget\" data-e-type=\"widget\" data-widget_type=\"spacer.default\">\n\t\t\t\t<div class=\"elementor-widget-container\">\n\t\t\t\t\t\t\t<div class=\"elementor-spacer\">\n\t\t\t<div class=\"elementor-spacer-inner\"><\/div>\n\t\t<\/div>\n\t\t\t\t\t\t<\/div>\n\t\t\t\t<\/div>\n\t\t\t\t<div class=\"elementor-element elementor-element-382fcee elementor-widget elementor-widget-text-editor\" data-id=\"382fcee\" data-element_type=\"widget\" data-e-type=\"widget\" data-widget_type=\"text-editor.default\">\n\t\t\t\t<div class=\"elementor-widget-container\">\n\t\t\t\t\t\t\t\t\t<p><strong>Landkreis L\u00fcchow-Dannenberg startet Online-Befragung zum Mobilit\u00e4tsverhalten<\/strong><\/p><p>\u201eWir wollen wissen, mit welchen Verkehrsmitteln die Menschen im Alltag unterwegs sind\u201c, erkl\u00e4rt Radverkehrskoordinator Tilmann Seifert. Wer in L\u00fcchow-Dannenberg zuhause ist, ist in der Zeit vom 27. Oktober bis 30. November 2025 eingeladen, f\u00fcr einen vorgegebenen beispielhaften Tag seine t\u00e4glichen Wege und die genutzten Verkehrsmittel online zu dokumentieren.<\/p>\t\t\t\t\t\t\t\t<\/div>\n\t\t\t\t<\/div>\n\t\t\t\t<div class=\"elementor-element elementor-element-c1236a3 elementor-widget elementor-widget-button\" data-id=\"c1236a3\" data-element_type=\"widget\" data-e-type=\"widget\" data-widget_type=\"button.default\">\n\t\t\t\t<div class=\"elementor-widget-container\">\n\t\t\t\t\t\t\t\t\t<div class=\"elementor-button-wrapper\">\n\t\t\t\t\t<a class=\"elementor-button elementor-button-link elementor-size-sm\" href=\"https:\/\/wendlandmobil.de\/en\/landkreis-luechow-dannenberg-startet-online-befragung-zum-mobilitaetsverhalten\/\" target=\"_blank\">\n\t\t\t\t\t\t<span class=\"elementor-button-content-wrapper\">\n\t\t\t\t\t\t\t\t\t<span class=\"elementor-button-text\">Hier geht\u00b4s zu weiteren Infos &amp; zur Umfrage<\/span>\n\t\t\t\t\t<\/span>\n\t\t\t\t\t<\/a>\n\t\t\t\t<\/div>\n\t\t\t\t\t\t\t\t<\/div>\n\t\t\t\t<\/div>\n\t\t\t\t<div class=\"elementor-element elementor-element-25a9a43 elementor-widget elementor-widget-image\" data-id=\"25a9a43\" data-element_type=\"widget\" data-e-type=\"widget\" data-widget_type=\"image.default\">\n\t\t\t\t<div class=\"elementor-widget-container\">\n\t\t\t\t\t\t\t\t\t\t\t\t\t\t\t<img decoding=\"async\" width=\"512\" height=\"384\" src=\"https:\/\/wendlandmobil.de\/wp-content\/uploads\/image00001-2-3-512x384.jpg\" class=\"attachment-medium size-medium wp-image-40777\" alt=\"\" srcset=\"https:\/\/wendlandmobil.de\/wp-content\/uploads\/image00001-2-3-512x384.jpg 512w, https:\/\/wendlandmobil.de\/wp-content\/uploads\/image00001-2-3-768x576.jpg 768w, https:\/\/wendlandmobil.de\/wp-content\/uploads\/image00001-2-3-1024x768.jpg 1024w, https:\/\/wendlandmobil.de\/wp-content\/uploads\/image00001-2-3-1536x1152.jpg 1536w, https:\/\/wendlandmobil.de\/wp-content\/uploads\/image00001-2-3-2048x1536.jpg 2048w, https:\/\/wendlandmobil.de\/wp-content\/uploads\/image00001-2-3-16x12.jpg 16w, https:\/\/wendlandmobil.de\/wp-content\/uploads\/image00001-2-3-600x450.jpg 600w\" sizes=\"(max-width: 512px) 100vw, 512px\" \/>\t\t\t\t\t\t\t\t\t\t\t\t\t\t\t<\/div>\n\t\t\t\t<\/div>\n\t\t\t\t<div class=\"elementor-element elementor-element-4cb838e elementor-widget elementor-widget-heading\" data-id=\"4cb838e\" data-element_type=\"widget\" data-e-type=\"widget\" data-widget_type=\"heading.default\">\n\t\t\t\t<div class=\"elementor-widget-container\">\n\t\t\t\t\t<h3 class=\"elementor-heading-title elementor-size-default\">The project in detail<\/h3>\t\t\t\t<\/div>\n\t\t\t\t<\/div>\n\t\t\t\t<div class=\"elementor-element elementor-element-edd017d elementor-widget elementor-widget-text-editor\" data-id=\"edd017d\" data-element_type=\"widget\" data-e-type=\"widget\" data-widget_type=\"text-editor.default\">\n\t\t\t\t<div class=\"elementor-widget-container\">\n\t\t\t\t\t\t\t\t\t<p>Through the funding programme \"Climate Protection through Cycling\" of the National Climate Initiative (NKI), the Federal Ministry of Economics and Climate Protection (BMWK) supports model, investment projects that make cycling more attractive in everyday life, for leisure and for delivery and transport traffic. In order to achieve this, the three network partners are implementing various measures in the period from 1.1.2022 to 31.12.2025.<\/p>\t\t\t\t\t\t\t\t<\/div>\n\t\t\t\t<\/div>\n\t\t\t\t<div class=\"elementor-element elementor-element-6437128 elementor-widget elementor-widget-n-accordion\" data-id=\"6437128\" data-element_type=\"widget\" data-e-type=\"widget\" data-settings=\"{&quot;default_state&quot;:&quot;expanded&quot;,&quot;max_items_expended&quot;:&quot;one&quot;,&quot;n_accordion_animation_duration&quot;:{&quot;unit&quot;:&quot;ms&quot;,&quot;size&quot;:400,&quot;sizes&quot;:[]}}\" data-widget_type=\"nested-accordion.default\">\n\t\t\t\t<div class=\"elementor-widget-container\">\n\t\t\t\t\t\t\t<div class=\"e-n-accordion\" aria-label=\"Accordion. Open links with Enter or Space, close with Escape, and navigate with Arrow Keys\">\n\t\t\t\t\t\t<details id=\"e-n-accordion-item-1050\" class=\"e-n-accordion-item\" open>\n\t\t\t\t<summary class=\"e-n-accordion-item-title\" data-accordion-index=\"1\" tabindex=\"0\" aria-expanded=\"true\" aria-controls=\"e-n-accordion-item-1050\" >\n\t\t\t\t\t<span class='e-n-accordion-item-title-header'><div class=\"e-n-accordion-item-title-text\"> Project content <\/div><\/span>\n\t\t\t\t\t\t\t<span class='e-n-accordion-item-title-icon'>\n\t\t\t<span class='e-opened' ><svg aria-hidden=\"true\" class=\"e-font-icon-svg e-fas-minus\" viewbox=\"0 0 448 512\" xmlns=\"http:\/\/www.w3.org\/2000\/svg\"><path d=\"M416 208H32c-17.67 0-32 14.33-32 32v32c0 17.67 14.33 32 32 32h384c17.67 0 32-14.33 32-32v-32c0-17.67-14.33-32-32-32z\"><\/path><\/svg><\/span>\n\t\t\t<span class='e-closed'><svg aria-hidden=\"true\" class=\"e-font-icon-svg e-fas-plus\" viewbox=\"0 0 448 512\" xmlns=\"http:\/\/www.w3.org\/2000\/svg\"><path d=\"M416 208H272V64c0-17.67-14.33-32-32-32h-32c-17.67 0-32 14.33-32 32v144H32c-17.67 0-32 14.33-32 32v32c0 17.67 14.33 32 32 32h144v144c0 17.67 14.33 32 32 32h32c17.67 0 32-14.33 32-32V304h144c17.67 0 32-14.33 32-32v-32c0-17.67-14.33-32-32-32z\"><\/path><\/svg><\/span>\n\t\t<\/span>\n\n\t\t\t\t\t\t<\/summary>\n\t\t\t\t<div role=\"region\" aria-labelledby=\"e-n-accordion-item-1050\" class=\"elementor-element elementor-element-b3cd9e9 e-con-full e-flex e-con e-child\" data-id=\"b3cd9e9\" data-element_type=\"container\" data-e-type=\"container\">\n\t\t\t\t<div class=\"elementor-element elementor-element-6c33794 elementor-widget elementor-widget-text-editor\" data-id=\"6c33794\" data-element_type=\"widget\" data-e-type=\"widget\" data-widget_type=\"text-editor.default\">\n\t\t\t\t<div class=\"elementor-widget-container\">\n\t\t\t\t\t\t\t\t\t<p>In 2023, within this framework <strong>Three bicycle lanes<\/strong> set up:<\/p><ol><li>Between the school campus in L\u00fcchow (Wendland), via the \"red barn\" to Wustrow (Wendland), one of Lower Saxony's first nonurban cycle lanes is being built on the local connecting road and the road surface is being renewed. The pavement along the road will be maintained.<\/li><li>Further cycle lanes are planned in Bauernstra\u00dfe in Hitzacker (Elbe) and the<\/li><li>Marschtorstra\u00dfe in Dannenberg (Elbe) will be set up.<\/li><\/ol>\t\t\t\t\t\t\t\t<\/div>\n\t\t\t\t<\/div>\n\t\t\t\t<div class=\"elementor-element elementor-element-abe0bbc elementor-widget elementor-widget-text-editor\" data-id=\"abe0bbc\" data-element_type=\"widget\" data-e-type=\"widget\" data-widget_type=\"text-editor.default\">\n\t\t\t\t<div class=\"elementor-widget-container\">\n\t\t\t\t\t\t\t\t\t<p>The rules for bicycle lanes are defined in the Road Traffic Regulations (StVO), 30 km\/h applies for all road users. The use of motor vehicles must be permitted with separate clearance \"motor vehicle free\", this is planned for Bauernstra\u00dfe and Marschtorstra\u00dfe. On the stretch between L\u00fcchow (Wendland) and Wustrow (Wendland), according to current planning, clearance is to be granted only for residents.<\/p><p>In addition, in 2024 <strong>two cycle priority routes<\/strong> arise in the district on local roads:<\/p><ol><li>Between Hitzacker (Elbe) - via Seerau and Pisselberg - and Dannenberg (Elbe)<\/li><li>From L\u00fcchow (Wendland) via the towns of Reetze, Satemin, Jabel, Schwiepke, P\u00fcggen, Zeetze, Klein Sachau and Gro\u00df Sachau to Clenze.<\/li><\/ol><p>Priority cycle routes are similar in approach to cycle lanes. They serve to strengthen everyday cycling. However, cycle superhighways are only established in highly populated regions with at least 2,000 cyclists per working day (e.g. between L\u00fcneburg and Hamburg) and have a special sign in the StVO. Cycle priority routes are particularly suitable for rural areas, as no comparably high utilisation is to be expected here. Mixed traffic applies on local connecting routes, but a speed limit of 50 km\/h is generally introduced outside towns, and 30 km\/h inside towns.<\/p><p><strong>Other components<\/strong> of the project are<\/p><ul><li>the purchase and rental of pedelecs and e-bikes for testing in everyday mobility,<\/li><li>the construction of bicycle boxes,<\/li><li>the renewal of the bicycle parking facilities at the secondary schools in L\u00fcchow (Wendland) and Hitzacker (Elbe) as well as<\/li><li>Public Relations.<\/li><\/ul>\t\t\t\t\t\t\t\t<\/div>\n\t\t\t\t<\/div>\n\t\t\t\t<\/div>\n\t\t\t\t\t<\/details>\n\t\t\t\t\t\t<details id=\"e-n-accordion-item-1051\" class=\"e-n-accordion-item\" >\n\t\t\t\t<summary class=\"e-n-accordion-item-title\" data-accordion-index=\"2\" tabindex=\"-1\" aria-expanded=\"false\" aria-controls=\"e-n-accordion-item-1051\" >\n\t\t\t\t\t<span class='e-n-accordion-item-title-header'><div class=\"e-n-accordion-item-title-text\"> Project participants <\/div><\/span>\n\t\t\t\t\t\t\t<span class='e-n-accordion-item-title-icon'>\n\t\t\t<span class='e-opened' ><svg aria-hidden=\"true\" class=\"e-font-icon-svg e-fas-minus\" viewbox=\"0 0 448 512\" xmlns=\"http:\/\/www.w3.org\/2000\/svg\"><path d=\"M416 208H32c-17.67 0-32 14.33-32 32v32c0 17.67 14.33 32 32 32h384c17.67 0 32-14.33 32-32v-32c0-17.67-14.33-32-32-32z\"><\/path><\/svg><\/span>\n\t\t\t<span class='e-closed'><svg aria-hidden=\"true\" class=\"e-font-icon-svg e-fas-plus\" viewbox=\"0 0 448 512\" xmlns=\"http:\/\/www.w3.org\/2000\/svg\"><path d=\"M416 208H272V64c0-17.67-14.33-32-32-32h-32c-17.67 0-32 14.33-32 32v144H32c-17.67 0-32 14.33-32 32v32c0 17.67 14.33 32 32 32h144v144c0 17.67 14.33 32 32 32h32c17.67 0 32-14.33 32-32V304h144c17.67 0 32-14.33 32-32v-32c0-17.67-14.33-32-32-32z\"><\/path><\/svg><\/span>\n\t\t<\/span>\n\n\t\t\t\t\t\t<\/summary>\n\t\t\t\t<div role=\"region\" aria-labelledby=\"e-n-accordion-item-1051\" class=\"elementor-element elementor-element-04062fa e-con-full e-flex e-con e-child\" data-id=\"04062fa\" data-element_type=\"container\" data-e-type=\"container\">\n\t\t\t\t<div class=\"elementor-element elementor-element-8afce3f elementor-widget elementor-widget-text-editor\" data-id=\"8afce3f\" data-element_type=\"widget\" data-e-type=\"widget\" data-widget_type=\"text-editor.default\">\n\t\t\t\t<div class=\"elementor-widget-container\">\n\t\t\t\t\t\t\t\t\t<p><strong>Overview of project participants and funding:<\/strong><\/p><p>L\u00fcchow-Dannenberg District 67KBR0113A \u20ac 862,600<\/p><p>Joint municipality of L\u00fcchow (Wendland) 67KBR0113B \u20ac 2,899,746<\/p><p>Elbtalaue joint municipality 67KBR0113C \u20ac 602,050<\/p>\t\t\t\t\t\t\t\t<\/div>\n\t\t\t\t<\/div>\n\t\t\t\t<\/div>\n\t\t\t\t\t<\/details>\n\t\t\t\t\t<\/div>\n\t\t\t\t\t\t<\/div>\n\t\t\t\t<\/div>\n\t\t\t\t<div class=\"elementor-element elementor-element-b2c605f elementor-widget elementor-widget-image\" data-id=\"b2c605f\" data-element_type=\"widget\" data-e-type=\"widget\" data-widget_type=\"image.default\">\n\t\t\t\t<div class=\"elementor-widget-container\">\n\t\t\t\t\t\t\t\t\t\t\t\t\t\t\t<img decoding=\"async\" width=\"422\" height=\"176\" src=\"https:\/\/wendlandmobil.de\/wp-content\/uploads\/BMUKN_NKI_gefoerdert_GRB_DE_2025_quer.svg\" class=\"attachment-medium size-medium wp-image-54744\" alt=\"\" \/>\t\t\t\t\t\t\t\t\t\t\t\t\t\t\t<\/div>\n\t\t\t\t<\/div>\n\t\t\t\t\t<\/div>\n\t\t\t\t<\/div>\n\t\t<div class=\"elementor-element elementor-element-06191b2 e-flex e-con-boxed e-con e-parent\" data-id=\"06191b2\" data-element_type=\"container\" data-e-type=\"container\">\n\t\t\t\t\t<div class=\"e-con-inner\">\n\t\t\t\t<div class=\"elementor-element elementor-element-a0ea89d elementor-widget elementor-widget-heading\" data-id=\"a0ea89d\" data-element_type=\"widget\" data-e-type=\"widget\" data-widget_type=\"heading.default\">\n\t\t\t\t<div class=\"elementor-widget-container\">\n\t\t\t\t\t<h3 class=\"elementor-heading-title elementor-size-default\">Wustrow-L\u00fcchow cycle route<\/h3>\t\t\t\t<\/div>\n\t\t\t\t<\/div>\n\t\t\t\t<div class=\"elementor-element elementor-element-a2b4558 elementor-widget elementor-widget-text-editor\" data-id=\"a2b4558\" data-element_type=\"widget\" data-e-type=\"widget\" data-widget_type=\"text-editor.default\">\n\t\t\t\t<div class=\"elementor-widget-container\">\n\t\t\t\t\t\t\t\t\t<p>A cycle route has been set up between Wustrow and L\u00fcchow as part of an initiative to promote a sustainable and inclusive transport policy. The cycle route provides a safe, practical and convenient route for commuters and leisure cyclists. By enabling efficient passage, it helps to relieve congestion on other roads while promoting environmentally friendly transport options.<\/p><p>Cyclists are also allowed to ride side by side and always have priority, but it is important that all road users respect the traffic rules and show consideration for each other to ensure safe and harmonious use of the road.<\/p><p>\u00a0<\/p><p>While only cyclists and pedestrians are permitted to pass through, the cycle route between Wustrow and L\u00fcchow is also open to agricultural and forestry traffic. This means that cyclists using the road should be prepared to encounter vehicles such as agricultural machinery and tractors. Under certain circumstances, however, agricultural traffic may also include cars. These should therefore also be expected. In principle, all road users must adapt their behaviour and speed to that of cyclists. Agricultural traffic must therefore show particular consideration for them and keep sufficient distance. In addition, a general speed limit of 30 km\/h applies to all road users. At the same time, cyclists are asked to allow other road users to pass wherever possible, taking general safety into account.<\/p><p>\u00a0<\/p><p><strong>All other motor vehicles are not permitted on the road. This applies both to cars that are not used for agriculture or forestry and to mopeds, which also include S-pedelecs with an assistance of up to 45 km\/h<\/strong>. Offences against this are punishable by fines.<\/p><p>\u00a0<\/p><p>The district of L\u00fcchow-Dannenberg invites all road users to use the cycle route with a sense of responsibility and mutual respect. Safety and efficient transport are always at the forefront and are in the interests of all users.<\/p>\t\t\t\t\t\t\t\t<\/div>\n\t\t\t\t<\/div>\n\t\t\t\t<div class=\"elementor-element elementor-element-cae6eeb elementor-widget elementor-widget-image\" data-id=\"cae6eeb\" data-element_type=\"widget\" data-e-type=\"widget\" data-widget_type=\"image.default\">\n\t\t\t\t<div class=\"elementor-widget-container\">\n\t\t\t\t\t\t\t\t\t\t\t\t\t\t\t<img loading=\"lazy\" decoding=\"async\" width=\"512\" height=\"384\" src=\"https:\/\/wendlandmobil.de\/wp-content\/uploads\/bearbeitet-512x384.jpg\" class=\"attachment-medium size-medium wp-image-41928\" alt=\"\" srcset=\"https:\/\/wendlandmobil.de\/wp-content\/uploads\/bearbeitet-512x384.jpg 512w, https:\/\/wendlandmobil.de\/wp-content\/uploads\/bearbeitet-1024x768.jpg 1024w, https:\/\/wendlandmobil.de\/wp-content\/uploads\/bearbeitet-768x576.jpg 768w, https:\/\/wendlandmobil.de\/wp-content\/uploads\/bearbeitet-1536x1152.jpg 1536w, https:\/\/wendlandmobil.de\/wp-content\/uploads\/bearbeitet-2048x1536.jpg 2048w, https:\/\/wendlandmobil.de\/wp-content\/uploads\/bearbeitet-16x12.jpg 16w, https:\/\/wendlandmobil.de\/wp-content\/uploads\/bearbeitet-600x450.jpg 600w\" sizes=\"(max-width: 512px) 100vw, 512px\" \/>\t\t\t\t\t\t\t\t\t\t\t\t\t\t\t<\/div>\n\t\t\t\t<\/div>\n\t\t\t\t<div class=\"elementor-element elementor-element-8427ad1 elementor-widget elementor-widget-spacer\" data-id=\"8427ad1\" data-element_type=\"widget\" data-e-type=\"widget\" data-widget_type=\"spacer.default\">\n\t\t\t\t<div class=\"elementor-widget-container\">\n\t\t\t\t\t\t\t<div class=\"elementor-spacer\">\n\t\t\t<div class=\"elementor-spacer-inner\"><\/div>\n\t\t<\/div>\n\t\t\t\t\t\t<\/div>\n\t\t\t\t<\/div>\n\t\t\t\t<div class=\"elementor-element elementor-element-b233b66 elementor-widget elementor-widget-image\" data-id=\"b233b66\" data-element_type=\"widget\" data-e-type=\"widget\" data-widget_type=\"image.default\">\n\t\t\t\t<div class=\"elementor-widget-container\">\n\t\t\t\t\t\t\t\t\t\t\t\t\t\t\t<img loading=\"lazy\" decoding=\"async\" width=\"500\" height=\"374\" src=\"https:\/\/wendlandmobil.de\/wp-content\/uploads\/fahrrad-3.png\" class=\"attachment-large size-large wp-image-40778\" alt=\"\" srcset=\"https:\/\/wendlandmobil.de\/wp-content\/uploads\/fahrrad-3.png 500w, https:\/\/wendlandmobil.de\/wp-content\/uploads\/fahrrad-3-16x12.png 16w\" sizes=\"(max-width: 500px) 100vw, 500px\" \/>\t\t\t\t\t\t\t\t\t\t\t\t\t\t\t<\/div>\n\t\t\t\t<\/div>\n\t\t\t\t<div class=\"elementor-element elementor-element-c3b395e elementor-widget elementor-widget-text-editor\" data-id=\"c3b395e\" data-element_type=\"widget\" data-e-type=\"widget\" data-widget_type=\"text-editor.default\">\n\t\t\t\t<div class=\"elementor-widget-container\">\n\t\t\t\t\t\t\t\t\t<p>Figure 1: Opening of the Wustrow - L\u00fcchow cycle route<\/p><p>Figure 2: Projection of the establishment of a cycle route between L\u00fcchow and Wustrow by the specialist planning office PGV Alrutz GbR (source PGV Alrutz)<\/p>\t\t\t\t\t\t\t\t<\/div>\n\t\t\t\t<\/div>\n\t\t\t\t\t<\/div>\n\t\t\t\t<\/div>\n\t\t\t\t<\/div>","protected":false},"excerpt":{"rendered":"<p>Der Radverkehr nimmt in L\u00fcchow-Dannenberg einen wichtigen Baustein der Mobilit\u00e4t ein und ist ein Schwerpunkt innerhalb des Kommunalen Mobilit\u00e4tsmanagements. Unser Radverkehrskoordinator k\u00fcmmert sich um die vielf\u00e4ltigen Themen rund um den Radverkehr und ist dabei mit den Samtgemeinden in engem Austausch. Mithilfe von F\u00f6rdermitteln werden verschiedene Projekte zur F\u00f6rderung des Radverkehrs und zur Verbesserung der Radinfrastruktur&hellip;<\/p>","protected":false},"author":1,"featured_media":41824,"parent":40467,"menu_order":0,"comment_status":"closed","ping_status":"closed","template":"","meta":{"footnotes":""},"class_list":["post-40637","page","type-page","status-publish","has-post-thumbnail","hentry"],"yoast_head":"<!-- This site is optimized with the Yoast SEO plugin v27.5 - https:\/\/yoast.com\/product\/yoast-seo-wordpress\/ -->\n<title>Radverkehr - Wendland Mobil<\/title>\n<meta name=\"robots\" content=\"index, follow, max-snippet:-1, max-image-preview:large, max-video-preview:-1\" \/>\n<link rel=\"canonical\" href=\"https:\/\/wendlandmobil.de\/en\/mobility-offers\/cycle-traffic\/\" \/>\n<meta property=\"og:locale\" content=\"en_GB\" \/>\n<meta property=\"og:type\" content=\"article\" \/>\n<meta property=\"og:title\" content=\"Radverkehr - Wendland Mobil\" \/>\n<meta property=\"og:description\" content=\"Der Radverkehr nimmt in L\u00fcchow-Dannenberg einen wichtigen Baustein der Mobilit\u00e4t ein und ist ein Schwerpunkt innerhalb des Kommunalen Mobilit\u00e4tsmanagements. Unser Radverkehrskoordinator k\u00fcmmert sich um die vielf\u00e4ltigen Themen rund um den Radverkehr und ist dabei mit den Samtgemeinden in engem Austausch. Mithilfe von F\u00f6rdermitteln werden verschiedene Projekte zur F\u00f6rderung des Radverkehrs und zur Verbesserung der Radinfrastruktur&hellip;\" \/>\n<meta property=\"og:url\" content=\"https:\/\/wendlandmobil.de\/en\/mobility-offers\/cycle-traffic\/\" \/>\n<meta property=\"og:site_name\" content=\"Wendland Mobil\" \/>\n<meta property=\"article:publisher\" content=\"https:\/\/www.facebook.com\/MobilitaetsagenturWendlandElbe\/\" \/>\n<meta property=\"article:modified_time\" content=\"2025-12-11T14:38:28+00:00\" \/>\n<meta property=\"og:image\" content=\"https:\/\/wendlandmobil.de\/wp-content\/uploads\/header-radverkehr.png\" \/>\n\t<meta property=\"og:image:width\" content=\"1920\" \/>\n\t<meta property=\"og:image:height\" content=\"600\" \/>\n\t<meta property=\"og:image:type\" content=\"image\/png\" \/>\n<meta name=\"twitter:card\" content=\"summary_large_image\" \/>\n<meta name=\"twitter:label1\" content=\"Estimated reading time\" \/>\n\t<meta name=\"twitter:data1\" content=\"8 minutes\" \/>\n<script type=\"application\/ld+json\" class=\"yoast-schema-graph\">{\"@context\":\"https:\\\/\\\/schema.org\",\"@graph\":[{\"@type\":\"WebPage\",\"@id\":\"https:\\\/\\\/wendlandmobil.de\\\/mobilitaetsangebote\\\/radverkehr\\\/\",\"url\":\"https:\\\/\\\/wendlandmobil.de\\\/mobilitaetsangebote\\\/radverkehr\\\/\",\"name\":\"Radverkehr - Wendland Mobil\",\"isPartOf\":{\"@id\":\"https:\\\/\\\/wendlandmobil.de\\\/#website\"},\"primaryImageOfPage\":{\"@id\":\"https:\\\/\\\/wendlandmobil.de\\\/mobilitaetsangebote\\\/radverkehr\\\/#primaryimage\"},\"image\":{\"@id\":\"https:\\\/\\\/wendlandmobil.de\\\/mobilitaetsangebote\\\/radverkehr\\\/#primaryimage\"},\"thumbnailUrl\":\"https:\\\/\\\/wendlandmobil.de\\\/wp-content\\\/uploads\\\/header-radverkehr.png\",\"datePublished\":\"2024-02-19T14:22:03+00:00\",\"dateModified\":\"2025-12-11T14:38:28+00:00\",\"breadcrumb\":{\"@id\":\"https:\\\/\\\/wendlandmobil.de\\\/mobilitaetsangebote\\\/radverkehr\\\/#breadcrumb\"},\"inLanguage\":\"en-GB\",\"potentialAction\":[{\"@type\":\"ReadAction\",\"target\":[\"https:\\\/\\\/wendlandmobil.de\\\/mobilitaetsangebote\\\/radverkehr\\\/\"]}]},{\"@type\":\"ImageObject\",\"inLanguage\":\"en-GB\",\"@id\":\"https:\\\/\\\/wendlandmobil.de\\\/mobilitaetsangebote\\\/radverkehr\\\/#primaryimage\",\"url\":\"https:\\\/\\\/wendlandmobil.de\\\/wp-content\\\/uploads\\\/header-radverkehr.png\",\"contentUrl\":\"https:\\\/\\\/wendlandmobil.de\\\/wp-content\\\/uploads\\\/header-radverkehr.png\",\"width\":1920,\"height\":600},{\"@type\":\"BreadcrumbList\",\"@id\":\"https:\\\/\\\/wendlandmobil.de\\\/mobilitaetsangebote\\\/radverkehr\\\/#breadcrumb\",\"itemListElement\":[{\"@type\":\"ListItem\",\"position\":1,\"name\":\"Startseite\",\"item\":\"https:\\\/\\\/wendlandmobil.de\\\/\"},{\"@type\":\"ListItem\",\"position\":2,\"name\":\"Mobilit\u00e4tsangebote\",\"item\":\"https:\\\/\\\/wendlandmobil.de\\\/mobilitaetsangebote\\\/\"},{\"@type\":\"ListItem\",\"position\":3,\"name\":\"Radverkehr\"}]},{\"@type\":\"WebSite\",\"@id\":\"https:\\\/\\\/wendlandmobil.de\\\/#website\",\"url\":\"https:\\\/\\\/wendlandmobil.de\\\/\",\"name\":\"Wendland Mobil\",\"description\":\"\",\"publisher\":{\"@id\":\"https:\\\/\\\/wendlandmobil.de\\\/#organization\"},\"potentialAction\":[{\"@type\":\"SearchAction\",\"target\":{\"@type\":\"EntryPoint\",\"urlTemplate\":\"https:\\\/\\\/wendlandmobil.de\\\/?s={search_term_string}\"},\"query-input\":{\"@type\":\"PropertyValueSpecification\",\"valueRequired\":true,\"valueName\":\"search_term_string\"}}],\"inLanguage\":\"en-GB\"},{\"@type\":\"Organization\",\"@id\":\"https:\\\/\\\/wendlandmobil.de\\\/#organization\",\"name\":\"Wendland Mobil\",\"url\":\"https:\\\/\\\/wendlandmobil.de\\\/\",\"logo\":{\"@type\":\"ImageObject\",\"inLanguage\":\"en-GB\",\"@id\":\"https:\\\/\\\/wendlandmobil.de\\\/#\\\/schema\\\/logo\\\/image\\\/\",\"url\":\"https:\\\/\\\/wendlandmobil.de\\\/wp-content\\\/uploads\\\/LogoWendland.png\",\"contentUrl\":\"https:\\\/\\\/wendlandmobil.de\\\/wp-content\\\/uploads\\\/LogoWendland.png\",\"width\":384,\"height\":81,\"caption\":\"Wendland Mobil\"},\"image\":{\"@id\":\"https:\\\/\\\/wendlandmobil.de\\\/#\\\/schema\\\/logo\\\/image\\\/\"},\"sameAs\":[\"https:\\\/\\\/www.facebook.com\\\/MobilitaetsagenturWendlandElbe\\\/\",\"https:\\\/\\\/www.instagram.com\\\/mobilimwendland\\\/\"]}]}<\/script>\n<!-- \/ Yoast SEO plugin. -->","yoast_head_json":{"title":"Cycling - Wendland Mobil","robots":{"index":"index","follow":"follow","max-snippet":"max-snippet:-1","max-image-preview":"max-image-preview:large","max-video-preview":"max-video-preview:-1"},"canonical":"https:\/\/wendlandmobil.de\/en\/mobility-offers\/cycle-traffic\/","og_locale":"en_GB","og_type":"article","og_title":"Radverkehr - Wendland Mobil","og_description":"Der Radverkehr nimmt in L\u00fcchow-Dannenberg einen wichtigen Baustein der Mobilit\u00e4t ein und ist ein Schwerpunkt innerhalb des Kommunalen Mobilit\u00e4tsmanagements. Unser Radverkehrskoordinator k\u00fcmmert sich um die vielf\u00e4ltigen Themen rund um den Radverkehr und ist dabei mit den Samtgemeinden in engem Austausch. Mithilfe von F\u00f6rdermitteln werden verschiedene Projekte zur F\u00f6rderung des Radverkehrs und zur Verbesserung der Radinfrastruktur&hellip;","og_url":"https:\/\/wendlandmobil.de\/en\/mobility-offers\/cycle-traffic\/","og_site_name":"Wendland Mobil","article_publisher":"https:\/\/www.facebook.com\/MobilitaetsagenturWendlandElbe\/","article_modified_time":"2025-12-11T14:38:28+00:00","og_image":[{"width":1920,"height":600,"url":"https:\/\/wendlandmobil.de\/wp-content\/uploads\/header-radverkehr.png","type":"image\/png"}],"twitter_card":"summary_large_image","twitter_misc":{"Estimated reading time":"8 minutes"},"schema":{"@context":"https:\/\/schema.org","@graph":[{"@type":"WebPage","@id":"https:\/\/wendlandmobil.de\/mobilitaetsangebote\/radverkehr\/","url":"https:\/\/wendlandmobil.de\/mobilitaetsangebote\/radverkehr\/","name":"Cycling - Wendland Mobil","isPartOf":{"@id":"https:\/\/wendlandmobil.de\/#website"},"primaryImageOfPage":{"@id":"https:\/\/wendlandmobil.de\/mobilitaetsangebote\/radverkehr\/#primaryimage"},"image":{"@id":"https:\/\/wendlandmobil.de\/mobilitaetsangebote\/radverkehr\/#primaryimage"},"thumbnailUrl":"https:\/\/wendlandmobil.de\/wp-content\/uploads\/header-radverkehr.png","datePublished":"2024-02-19T14:22:03+00:00","dateModified":"2025-12-11T14:38:28+00:00","breadcrumb":{"@id":"https:\/\/wendlandmobil.de\/mobilitaetsangebote\/radverkehr\/#breadcrumb"},"inLanguage":"en-GB","potentialAction":[{"@type":"ReadAction","target":["https:\/\/wendlandmobil.de\/mobilitaetsangebote\/radverkehr\/"]}]},{"@type":"ImageObject","inLanguage":"en-GB","@id":"https:\/\/wendlandmobil.de\/mobilitaetsangebote\/radverkehr\/#primaryimage","url":"https:\/\/wendlandmobil.de\/wp-content\/uploads\/header-radverkehr.png","contentUrl":"https:\/\/wendlandmobil.de\/wp-content\/uploads\/header-radverkehr.png","width":1920,"height":600},{"@type":"BreadcrumbList","@id":"https:\/\/wendlandmobil.de\/mobilitaetsangebote\/radverkehr\/#breadcrumb","itemListElement":[{"@type":"ListItem","position":1,"name":"Startseite","item":"https:\/\/wendlandmobil.de\/"},{"@type":"ListItem","position":2,"name":"Mobilit\u00e4tsangebote","item":"https:\/\/wendlandmobil.de\/mobilitaetsangebote\/"},{"@type":"ListItem","position":3,"name":"Radverkehr"}]},{"@type":"WebSite","@id":"https:\/\/wendlandmobil.de\/#website","url":"https:\/\/wendlandmobil.de\/","name":"Wendland Mobile","description":"","publisher":{"@id":"https:\/\/wendlandmobil.de\/#organization"},"potentialAction":[{"@type":"SearchAction","target":{"@type":"EntryPoint","urlTemplate":"https:\/\/wendlandmobil.de\/?s={search_term_string}"},"query-input":{"@type":"PropertyValueSpecification","valueRequired":true,"valueName":"search_term_string"}}],"inLanguage":"en-GB"},{"@type":"Organization","@id":"https:\/\/wendlandmobil.de\/#organization","name":"Wendland Mobile","url":"https:\/\/wendlandmobil.de\/","logo":{"@type":"ImageObject","inLanguage":"en-GB","@id":"https:\/\/wendlandmobil.de\/#\/schema\/logo\/image\/","url":"https:\/\/wendlandmobil.de\/wp-content\/uploads\/LogoWendland.png","contentUrl":"https:\/\/wendlandmobil.de\/wp-content\/uploads\/LogoWendland.png","width":384,"height":81,"caption":"Wendland Mobil"},"image":{"@id":"https:\/\/wendlandmobil.de\/#\/schema\/logo\/image\/"},"sameAs":["https:\/\/www.facebook.com\/MobilitaetsagenturWendlandElbe\/","https:\/\/www.instagram.com\/mobilimwendland\/"]}]}},"_links":{"self":[{"href":"https:\/\/wendlandmobil.de\/en\/wp-json\/wp\/v2\/pages\/40637","targetHints":{"allow":["GET"]}}],"collection":[{"href":"https:\/\/wendlandmobil.de\/en\/wp-json\/wp\/v2\/pages"}],"about":[{"href":"https:\/\/wendlandmobil.de\/en\/wp-json\/wp\/v2\/types\/page"}],"author":[{"embeddable":true,"href":"https:\/\/wendlandmobil.de\/en\/wp-json\/wp\/v2\/users\/1"}],"replies":[{"embeddable":true,"href":"https:\/\/wendlandmobil.de\/en\/wp-json\/wp\/v2\/comments?post=40637"}],"version-history":[{"count":6,"href":"https:\/\/wendlandmobil.de\/en\/wp-json\/wp\/v2\/pages\/40637\/revisions"}],"predecessor-version":[{"id":54917,"href":"https:\/\/wendlandmobil.de\/en\/wp-json\/wp\/v2\/pages\/40637\/revisions\/54917"}],"up":[{"embeddable":true,"href":"https:\/\/wendlandmobil.de\/en\/wp-json\/wp\/v2\/pages\/40467"}],"wp:featuredmedia":[{"embeddable":true,"href":"https:\/\/wendlandmobil.de\/en\/wp-json\/wp\/v2\/media\/41824"}],"wp:attachment":[{"href":"https:\/\/wendlandmobil.de\/en\/wp-json\/wp\/v2\/media?parent=40637"}],"curies":[{"name":"wp","href":"https:\/\/api.w.org\/{rel}","templated":true}]}}