{"id":24041,"date":"2022-06-28T11:43:42","date_gmt":"2022-06-28T09:43:42","guid":{"rendered":"https:\/\/wendlandmobil.de\/?page_id=24041"},"modified":"2022-07-01T07:34:06","modified_gmt":"2022-07-01T05:34:06","slug":"survey","status":"publish","type":"page","link":"https:\/\/wendlandmobil.de\/en\/umfrage\/","title":{"rendered":"Survey"},"content":{"rendered":"<div data-elementor-type=\"wp-page\" data-elementor-id=\"24041\" class=\"elementor elementor-24041\" data-elementor-post-type=\"page\">\n\t\t\t\t\t\t<section class=\"elementor-section elementor-top-section elementor-element elementor-element-7fd03df4 elementor-section-stretched elementor-section-boxed elementor-section-height-default elementor-section-height-default\" data-id=\"7fd03df4\" data-element_type=\"section\" data-e-type=\"section\" data-settings=\"{&quot;stretch_section&quot;:&quot;section-stretched&quot;}\">\n\t\t\t\t\t\t<div class=\"elementor-container elementor-column-gap-default\">\n\t\t\t\t\t<div class=\"elementor-column elementor-col-100 elementor-top-column elementor-element elementor-element-6c7cc672\" data-id=\"6c7cc672\" data-element_type=\"column\" data-e-type=\"column\">\n\t\t\t<div class=\"elementor-widget-wrap elementor-element-populated\">\n\t\t\t\t\t\t<div class=\"elementor-element elementor-element-3dcfac7e elementor-widget elementor-widget-spacer\" data-id=\"3dcfac7e\" data-element_type=\"widget\" data-e-type=\"widget\" data-widget_type=\"spacer.default\">\n\t\t\t\t<div class=\"elementor-widget-container\">\n\t\t\t\t\t\t\t<div class=\"elementor-spacer\">\n\t\t\t<div class=\"elementor-spacer-inner\"><\/div>\n\t\t<\/div>\n\t\t\t\t\t\t<\/div>\n\t\t\t\t<\/div>\n\t\t\t\t\t<\/div>\n\t\t<\/div>\n\t\t\t\t\t<\/div>\n\t\t<\/section>\n\t\t\t\t<section class=\"elementor-section elementor-top-section elementor-element elementor-element-51b3654 elementor-section-boxed elementor-section-height-default elementor-section-height-default\" data-id=\"51b3654\" data-element_type=\"section\" data-e-type=\"section\">\n\t\t\t\t\t\t<div class=\"elementor-container elementor-column-gap-default\">\n\t\t\t\t\t<div class=\"elementor-column elementor-col-50 elementor-top-column elementor-element elementor-element-1847131\" data-id=\"1847131\" data-element_type=\"column\" data-e-type=\"column\">\n\t\t\t<div class=\"elementor-widget-wrap elementor-element-populated\">\n\t\t\t\t\t\t<div class=\"elementor-element elementor-element-631df0e6 elementor-widget elementor-widget-text-editor\" data-id=\"631df0e6\" data-element_type=\"widget\" data-e-type=\"widget\" data-widget_type=\"text-editor.default\">\n\t\t\t\t<div class=\"elementor-widget-container\">\n\t\t\t\t\t\t\t\t\t<h1><strong>Shape public transport in L\u00fcchow-Dannenberg<br \/><\/strong><\/h1>\t\t\t\t\t\t\t\t<\/div>\n\t\t\t\t<\/div>\n\t\t\t\t<div class=\"elementor-element elementor-element-6cb81985 elementor-widget elementor-widget-text-editor\" data-id=\"6cb81985\" data-element_type=\"widget\" data-e-type=\"widget\" data-widget_type=\"text-editor.default\">\n\t\t\t\t<div class=\"elementor-widget-container\">\n\t\t\t\t\t\t\t\t\t<p><strong>A survey on local public transport as part of the public transport model project \"Mobility and area cleverly networked\" - \"cleverMoWe\" for short - funded by the Federal Ministry of Digital Affairs and Transport.<br \/><br \/><\/strong>Help us to redesign public transport in L\u00fcchow-Dannenberg and let us know your opinion and suggestions for improvement! With a bit of luck you could win <strong><em>a <\/em><em>of 10 vouchers worth \u20ac20 each<\/em><\/strong>- including 5 vouchers for the cinema ''Alte Brennerei'' in L\u00fcchow and 5 vouchers for the Wendland Therme Gartow.<br \/><br \/>You will find information on the conditions of participation and data protection provisions <a href=\"https:\/\/wendlandmobil.de\/en\/conditions-of-participation-and-data-protection-information\/\" target=\"_blank\" rel=\"noopener\"><u>here<\/u><\/a>.<\/p>\t\t\t\t\t\t\t\t<\/div>\n\t\t\t\t<\/div>\n\t\t\t\t\t<\/div>\n\t\t<\/div>\n\t\t\t\t<div class=\"elementor-column elementor-col-50 elementor-top-column elementor-element elementor-element-d5ca811\" data-id=\"d5ca811\" data-element_type=\"column\" data-e-type=\"column\">\n\t\t\t<div class=\"elementor-widget-wrap elementor-element-populated\">\n\t\t\t\t\t\t<div class=\"elementor-element elementor-element-2498531 elementor-widget elementor-widget-image\" data-id=\"2498531\" data-element_type=\"widget\" data-e-type=\"widget\" data-widget_type=\"image.default\">\n\t\t\t\t<div class=\"elementor-widget-container\">\n\t\t\t\t\t\t\t\t\t\t\t\t\t\t\t<img fetchpriority=\"high\" decoding=\"async\" width=\"512\" height=\"214\" src=\"https:\/\/wendlandmobil.de\/wp-content\/uploads\/Logoidee-zusatzblau-cut-512x214.png\" class=\"attachment-medium size-medium wp-image-24103\" alt=\"\" srcset=\"https:\/\/wendlandmobil.de\/wp-content\/uploads\/Logoidee-zusatzblau-cut-512x214.png 512w, https:\/\/wendlandmobil.de\/wp-content\/uploads\/Logoidee-zusatzblau-cut-600x251.png 600w, https:\/\/wendlandmobil.de\/wp-content\/uploads\/Logoidee-zusatzblau-cut-1024x428.png 1024w, https:\/\/wendlandmobil.de\/wp-content\/uploads\/Logoidee-zusatzblau-cut-768x321.png 768w, https:\/\/wendlandmobil.de\/wp-content\/uploads\/Logoidee-zusatzblau-cut-1536x643.png 1536w, https:\/\/wendlandmobil.de\/wp-content\/uploads\/Logoidee-zusatzblau-cut.png 1568w\" sizes=\"(max-width: 512px) 100vw, 512px\" \/>\t\t\t\t\t\t\t\t\t\t\t\t\t\t\t<\/div>\n\t\t\t\t<\/div>\n\t\t\t\t<div class=\"elementor-element elementor-element-78c9434 elementor-widget elementor-widget-image\" data-id=\"78c9434\" data-element_type=\"widget\" data-e-type=\"widget\" data-widget_type=\"image.default\">\n\t\t\t\t<div class=\"elementor-widget-container\">\n\t\t\t\t\t\t\t\t\t\t\t\t\t\t\t<img decoding=\"async\" width=\"512\" height=\"317\" src=\"https:\/\/wendlandmobil.de\/wp-content\/uploads\/Bundesministerium_fuer_Digitales_und_Verkehr_Logo.svg-512x317.png\" class=\"attachment-medium size-medium wp-image-24104\" alt=\"\" srcset=\"https:\/\/wendlandmobil.de\/wp-content\/uploads\/Bundesministerium_fuer_Digitales_und_Verkehr_Logo.svg-512x317.png 512w, https:\/\/wendlandmobil.de\/wp-content\/uploads\/Bundesministerium_fuer_Digitales_und_Verkehr_Logo.svg-600x371.png 600w, https:\/\/wendlandmobil.de\/wp-content\/uploads\/Bundesministerium_fuer_Digitales_und_Verkehr_Logo.svg-1024x634.png 1024w, https:\/\/wendlandmobil.de\/wp-content\/uploads\/Bundesministerium_fuer_Digitales_und_Verkehr_Logo.svg-768x475.png 768w, https:\/\/wendlandmobil.de\/wp-content\/uploads\/Bundesministerium_fuer_Digitales_und_Verkehr_Logo.svg.png 1280w\" sizes=\"(max-width: 512px) 100vw, 512px\" \/>\t\t\t\t\t\t\t\t\t\t\t\t\t\t\t<\/div>\n\t\t\t\t<\/div>\n\t\t\t\t\t<\/div>\n\t\t<\/div>\n\t\t\t\t\t<\/div>\n\t\t<\/section>\n\t\t\t\t<section class=\"elementor-section elementor-top-section elementor-element elementor-element-ebc05ac elementor-section-boxed elementor-section-height-default elementor-section-height-default\" data-id=\"ebc05ac\" data-element_type=\"section\" data-e-type=\"section\">\n\t\t\t\t\t\t<div class=\"elementor-container elementor-column-gap-default\">\n\t\t\t\t\t<div class=\"elementor-column elementor-col-100 elementor-top-column elementor-element elementor-element-6a90b139\" data-id=\"6a90b139\" data-element_type=\"column\" data-e-type=\"column\">\n\t\t\t<div class=\"elementor-widget-wrap elementor-element-populated\">\n\t\t\t\t\t\t<div class=\"elementor-element elementor-element-1d649840 elementor-widget elementor-widget-spacer\" data-id=\"1d649840\" data-element_type=\"widget\" data-e-type=\"widget\" data-widget_type=\"spacer.default\">\n\t\t\t\t<div class=\"elementor-widget-container\">\n\t\t\t\t\t\t\t<div class=\"elementor-spacer\">\n\t\t\t<div class=\"elementor-spacer-inner\"><\/div>\n\t\t<\/div>\n\t\t\t\t\t\t<\/div>\n\t\t\t\t<\/div>\n\t\t\t\t<div class=\"elementor-element elementor-element-62a1be9 elementor-widget__width-inherit elementor-widget elementor-widget-html\" data-id=\"62a1be9\" data-element_type=\"widget\" data-e-type=\"widget\" data-widget_type=\"html.default\">\n\t\t\t\t<div class=\"elementor-widget-container\">\n\t\t\t\t\t<!-- LamaPoll Embed Code for survey: https:\/\/survey.lamapoll.de\/Befragung_OEPNV\/, ID: 564814 -->\n<script src=\"https:\/\/survey.lamapoll.de\/lp\/js\/lp.ext.js\"><\/script>\n<div id=\"lp_survey_564814\"><\/div>\n<script>lp_load_survey('lp_survey_564814', 'https:\/\/survey.lamapoll.de\/Befragung_OEPNV\/', 'auto');<\/script>\t\t\t\t<\/div>\n\t\t\t\t<\/div>\n\t\t\t\t\t<\/div>\n\t\t<\/div>\n\t\t\t\t\t<\/div>\n\t\t<\/section>\n\t\t\t\t<\/div>","protected":false},"excerpt":{"rendered":"<p>Shape local public transport in L\u00fcchow-Dannenberg A survey on local public transport as part of the local public transport model project \"cleverly networked mobility and area\" - \"cleverMoWe\" for short - funded by the Federal Ministry for Digital and Transport Affairs. Help us to reorganise local public transport in L\u00fcchow-Dannenberg and let us know your opinion and suggestions for improvement! With a bit of luck, you could win...<\/p>","protected":false},"author":2,"featured_media":0,"parent":0,"menu_order":0,"comment_status":"closed","ping_status":"closed","template":"","meta":{"footnotes":""},"class_list":["post-24041","page","type-page","status-publish","hentry"],"yoast_head":"<!-- This site is optimized with the Yoast SEO plugin v27.5 - https:\/\/yoast.com\/product\/yoast-seo-wordpress\/ -->\n<title>Umfrage - Wendland Mobil<\/title>\n<meta name=\"robots\" content=\"index, follow, max-snippet:-1, max-image-preview:large, max-video-preview:-1\" \/>\n<link rel=\"canonical\" href=\"https:\/\/wendlandmobil.de\/en\/survey\/\" \/>\n<meta property=\"og:locale\" content=\"en_GB\" \/>\n<meta property=\"og:type\" content=\"article\" \/>\n<meta property=\"og:title\" content=\"Umfrage - Wendland Mobil\" \/>\n<meta property=\"og:description\" content=\"Gestalten Sie den \u00d6PNV in L\u00fcchow-Dannenberg Eine Befragung zum \u00f6ffentlichen Personennahverkehr im Rahmen des \u00d6PNV-Modellprojektes \u201eMobilit\u00e4t und Fl\u00e4che clever vernetzt\u201c \u2013 kurz \u201ecleverMoWe\u201c \u2013 gef\u00f6rdert vom Bundesministerium f\u00fcr Digitales und Verkehr. Helfen Sie uns dabei, den \u00d6PNV in L\u00fcchow-Dannenberg neu zu gestalten und teilen Sie uns Ihre Meinung und Verbesserungsvorschl\u00e4ge mit! Mit etwas Gl\u00fcck gewinnen&hellip;\" \/>\n<meta property=\"og:url\" content=\"https:\/\/wendlandmobil.de\/en\/survey\/\" \/>\n<meta property=\"og:site_name\" content=\"Wendland Mobil\" \/>\n<meta property=\"article:publisher\" content=\"https:\/\/www.facebook.com\/MobilitaetsagenturWendlandElbe\/\" \/>\n<meta property=\"article:modified_time\" content=\"2022-07-01T05:34:06+00:00\" \/>\n<meta property=\"og:image\" content=\"https:\/\/wendlandmobil.de\/wp-content\/uploads\/Logoidee-zusatzblau-cut-512x214.png\" \/>\n<meta name=\"twitter:card\" content=\"summary_large_image\" \/>\n<meta name=\"twitter:label1\" content=\"Estimated reading time\" \/>\n\t<meta name=\"twitter:data1\" content=\"1 minute\" \/>\n<script type=\"application\/ld+json\" class=\"yoast-schema-graph\">{\"@context\":\"https:\\\/\\\/schema.org\",\"@graph\":[{\"@type\":\"WebPage\",\"@id\":\"https:\\\/\\\/wendlandmobil.de\\\/umfrage\\\/\",\"url\":\"https:\\\/\\\/wendlandmobil.de\\\/umfrage\\\/\",\"name\":\"Umfrage - Wendland Mobil\",\"isPartOf\":{\"@id\":\"https:\\\/\\\/wendlandmobil.de\\\/#website\"},\"primaryImageOfPage\":{\"@id\":\"https:\\\/\\\/wendlandmobil.de\\\/umfrage\\\/#primaryimage\"},\"image\":{\"@id\":\"https:\\\/\\\/wendlandmobil.de\\\/umfrage\\\/#primaryimage\"},\"thumbnailUrl\":\"https:\\\/\\\/wendlandmobil.de\\\/wp-content\\\/uploads\\\/Logoidee-zusatzblau-cut-512x214.png\",\"datePublished\":\"2022-06-28T09:43:42+00:00\",\"dateModified\":\"2022-07-01T05:34:06+00:00\",\"breadcrumb\":{\"@id\":\"https:\\\/\\\/wendlandmobil.de\\\/umfrage\\\/#breadcrumb\"},\"inLanguage\":\"en-GB\",\"potentialAction\":[{\"@type\":\"ReadAction\",\"target\":[\"https:\\\/\\\/wendlandmobil.de\\\/umfrage\\\/\"]}]},{\"@type\":\"ImageObject\",\"inLanguage\":\"en-GB\",\"@id\":\"https:\\\/\\\/wendlandmobil.de\\\/umfrage\\\/#primaryimage\",\"url\":\"https:\\\/\\\/wendlandmobil.de\\\/wp-content\\\/uploads\\\/Logoidee-zusatzblau-cut-512x214.png\",\"contentUrl\":\"https:\\\/\\\/wendlandmobil.de\\\/wp-content\\\/uploads\\\/Logoidee-zusatzblau-cut-512x214.png\"},{\"@type\":\"BreadcrumbList\",\"@id\":\"https:\\\/\\\/wendlandmobil.de\\\/umfrage\\\/#breadcrumb\",\"itemListElement\":[{\"@type\":\"ListItem\",\"position\":1,\"name\":\"Startseite\",\"item\":\"https:\\\/\\\/wendlandmobil.de\\\/\"},{\"@type\":\"ListItem\",\"position\":2,\"name\":\"Umfrage\"}]},{\"@type\":\"WebSite\",\"@id\":\"https:\\\/\\\/wendlandmobil.de\\\/#website\",\"url\":\"https:\\\/\\\/wendlandmobil.de\\\/\",\"name\":\"Wendland Mobil\",\"description\":\"\",\"publisher\":{\"@id\":\"https:\\\/\\\/wendlandmobil.de\\\/#organization\"},\"potentialAction\":[{\"@type\":\"SearchAction\",\"target\":{\"@type\":\"EntryPoint\",\"urlTemplate\":\"https:\\\/\\\/wendlandmobil.de\\\/?s={search_term_string}\"},\"query-input\":{\"@type\":\"PropertyValueSpecification\",\"valueRequired\":true,\"valueName\":\"search_term_string\"}}],\"inLanguage\":\"en-GB\"},{\"@type\":\"Organization\",\"@id\":\"https:\\\/\\\/wendlandmobil.de\\\/#organization\",\"name\":\"Wendland Mobil\",\"url\":\"https:\\\/\\\/wendlandmobil.de\\\/\",\"logo\":{\"@type\":\"ImageObject\",\"inLanguage\":\"en-GB\",\"@id\":\"https:\\\/\\\/wendlandmobil.de\\\/#\\\/schema\\\/logo\\\/image\\\/\",\"url\":\"https:\\\/\\\/wendlandmobil.de\\\/wp-content\\\/uploads\\\/LogoWendland.png\",\"contentUrl\":\"https:\\\/\\\/wendlandmobil.de\\\/wp-content\\\/uploads\\\/LogoWendland.png\",\"width\":384,\"height\":81,\"caption\":\"Wendland Mobil\"},\"image\":{\"@id\":\"https:\\\/\\\/wendlandmobil.de\\\/#\\\/schema\\\/logo\\\/image\\\/\"},\"sameAs\":[\"https:\\\/\\\/www.facebook.com\\\/MobilitaetsagenturWendlandElbe\\\/\",\"https:\\\/\\\/www.instagram.com\\\/mobilimwendland\\\/\"]}]}<\/script>\n<!-- \/ Yoast SEO plugin. -->","yoast_head_json":{"title":"Survey - Wendland Mobil","robots":{"index":"index","follow":"follow","max-snippet":"max-snippet:-1","max-image-preview":"max-image-preview:large","max-video-preview":"max-video-preview:-1"},"canonical":"https:\/\/wendlandmobil.de\/en\/survey\/","og_locale":"en_GB","og_type":"article","og_title":"Umfrage - Wendland Mobil","og_description":"Gestalten Sie den \u00d6PNV in L\u00fcchow-Dannenberg Eine Befragung zum \u00f6ffentlichen Personennahverkehr im Rahmen des \u00d6PNV-Modellprojektes \u201eMobilit\u00e4t und Fl\u00e4che clever vernetzt\u201c \u2013 kurz \u201ecleverMoWe\u201c \u2013 gef\u00f6rdert vom Bundesministerium f\u00fcr Digitales und Verkehr. Helfen Sie uns dabei, den \u00d6PNV in L\u00fcchow-Dannenberg neu zu gestalten und teilen Sie uns Ihre Meinung und Verbesserungsvorschl\u00e4ge mit! Mit etwas Gl\u00fcck gewinnen&hellip;","og_url":"https:\/\/wendlandmobil.de\/en\/survey\/","og_site_name":"Wendland Mobil","article_publisher":"https:\/\/www.facebook.com\/MobilitaetsagenturWendlandElbe\/","article_modified_time":"2022-07-01T05:34:06+00:00","og_image":[{"url":"https:\/\/wendlandmobil.de\/wp-content\/uploads\/Logoidee-zusatzblau-cut-512x214.png","type":"","width":"","height":""}],"twitter_card":"summary_large_image","twitter_misc":{"Estimated reading time":"1 minute"},"schema":{"@context":"https:\/\/schema.org","@graph":[{"@type":"WebPage","@id":"https:\/\/wendlandmobil.de\/umfrage\/","url":"https:\/\/wendlandmobil.de\/umfrage\/","name":"Survey - Wendland Mobil","isPartOf":{"@id":"https:\/\/wendlandmobil.de\/#website"},"primaryImageOfPage":{"@id":"https:\/\/wendlandmobil.de\/umfrage\/#primaryimage"},"image":{"@id":"https:\/\/wendlandmobil.de\/umfrage\/#primaryimage"},"thumbnailUrl":"https:\/\/wendlandmobil.de\/wp-content\/uploads\/Logoidee-zusatzblau-cut-512x214.png","datePublished":"2022-06-28T09:43:42+00:00","dateModified":"2022-07-01T05:34:06+00:00","breadcrumb":{"@id":"https:\/\/wendlandmobil.de\/umfrage\/#breadcrumb"},"inLanguage":"en-GB","potentialAction":[{"@type":"ReadAction","target":["https:\/\/wendlandmobil.de\/umfrage\/"]}]},{"@type":"ImageObject","inLanguage":"en-GB","@id":"https:\/\/wendlandmobil.de\/umfrage\/#primaryimage","url":"https:\/\/wendlandmobil.de\/wp-content\/uploads\/Logoidee-zusatzblau-cut-512x214.png","contentUrl":"https:\/\/wendlandmobil.de\/wp-content\/uploads\/Logoidee-zusatzblau-cut-512x214.png"},{"@type":"BreadcrumbList","@id":"https:\/\/wendlandmobil.de\/umfrage\/#breadcrumb","itemListElement":[{"@type":"ListItem","position":1,"name":"Startseite","item":"https:\/\/wendlandmobil.de\/"},{"@type":"ListItem","position":2,"name":"Umfrage"}]},{"@type":"WebSite","@id":"https:\/\/wendlandmobil.de\/#website","url":"https:\/\/wendlandmobil.de\/","name":"Wendland Mobile","description":"","publisher":{"@id":"https:\/\/wendlandmobil.de\/#organization"},"potentialAction":[{"@type":"SearchAction","target":{"@type":"EntryPoint","urlTemplate":"https:\/\/wendlandmobil.de\/?s={search_term_string}"},"query-input":{"@type":"PropertyValueSpecification","valueRequired":true,"valueName":"search_term_string"}}],"inLanguage":"en-GB"},{"@type":"Organization","@id":"https:\/\/wendlandmobil.de\/#organization","name":"Wendland Mobile","url":"https:\/\/wendlandmobil.de\/","logo":{"@type":"ImageObject","inLanguage":"en-GB","@id":"https:\/\/wendlandmobil.de\/#\/schema\/logo\/image\/","url":"https:\/\/wendlandmobil.de\/wp-content\/uploads\/LogoWendland.png","contentUrl":"https:\/\/wendlandmobil.de\/wp-content\/uploads\/LogoWendland.png","width":384,"height":81,"caption":"Wendland Mobil"},"image":{"@id":"https:\/\/wendlandmobil.de\/#\/schema\/logo\/image\/"},"sameAs":["https:\/\/www.facebook.com\/MobilitaetsagenturWendlandElbe\/","https:\/\/www.instagram.com\/mobilimwendland\/"]}]}},"_links":{"self":[{"href":"https:\/\/wendlandmobil.de\/en\/wp-json\/wp\/v2\/pages\/24041","targetHints":{"allow":["GET"]}}],"collection":[{"href":"https:\/\/wendlandmobil.de\/en\/wp-json\/wp\/v2\/pages"}],"about":[{"href":"https:\/\/wendlandmobil.de\/en\/wp-json\/wp\/v2\/types\/page"}],"author":[{"embeddable":true,"href":"https:\/\/wendlandmobil.de\/en\/wp-json\/wp\/v2\/users\/2"}],"replies":[{"embeddable":true,"href":"https:\/\/wendlandmobil.de\/en\/wp-json\/wp\/v2\/comments?post=24041"}],"version-history":[{"count":12,"href":"https:\/\/wendlandmobil.de\/en\/wp-json\/wp\/v2\/pages\/24041\/revisions"}],"predecessor-version":[{"id":24463,"href":"https:\/\/wendlandmobil.de\/en\/wp-json\/wp\/v2\/pages\/24041\/revisions\/24463"}],"wp:attachment":[{"href":"https:\/\/wendlandmobil.de\/en\/wp-json\/wp\/v2\/media?parent=24041"}],"curies":[{"name":"wp","href":"https:\/\/api.w.org\/{rel}","templated":true}]}}