{"version":"1.0","provider_name":"Wendland Mobile","provider_url":"https:\/\/wendlandmobil.de\/en","title":"Schulaktionen zur Europ\u00e4ischen Mobilit\u00e4tswoche - Wendland Mobil","type":"rich","width":600,"height":338,"html":"<blockquote class=\"wp-embedded-content\" data-secret=\"qxw1L3OTCv\"><a href=\"https:\/\/wendlandmobil.de\/en\/schulaktionen-zur-europaeischen-mobilitaetswoche\/\">Schulaktionen zur Europ\u00e4ischen Mobilit\u00e4tswoche<\/a><\/blockquote><iframe sandbox=\"allow-scripts\" security=\"restricted\" src=\"https:\/\/wendlandmobil.de\/en\/schulaktionen-zur-europaeischen-mobilitaetswoche\/embed\/#?secret=qxw1L3OTCv\" width=\"600\" height=\"338\" title=\"&#8220;Schulaktionen zur Europ\u00e4ischen Mobilit\u00e4tswoche&#8221; &#8212; Wendland Mobil\" data-secret=\"qxw1L3OTCv\" frameborder=\"0\" marginwidth=\"0\" marginheight=\"0\" scrolling=\"no\" class=\"wp-embedded-content\"><\/iframe><script type=\"text\/javascript\">\n\/* <![CDATA[ *\/\n\/*! This file is auto-generated *\/\n!function(d,l){\"use strict\";l.querySelector&&d.addEventListener&&\"undefined\"!=typeof URL&&(d.wp=d.wp||{},d.wp.receiveEmbedMessage||(d.wp.receiveEmbedMessage=function(e){var t=e.data;if((t||t.secret||t.message||t.value)&&!\/[^a-zA-Z0-9]\/.test(t.secret)){for(var s,r,n,a=l.querySelectorAll('iframe[data-secret=\"'+t.secret+'\"]'),o=l.querySelectorAll('blockquote[data-secret=\"'+t.secret+'\"]'),c=new RegExp(\"^https?:$\",\"i\"),i=0;i<o.length;i++)o[i].style.display=\"none\";for(i=0;i<a.length;i++)s=a[i],e.source===s.contentWindow&&(s.removeAttribute(\"style\"),\"height\"===t.message?(1e3<(r=parseInt(t.value,10))?r=1e3:~~r<200&&(r=200),s.height=r):\"link\"===t.message&&(r=new URL(s.getAttribute(\"src\")),n=new URL(t.value),c.test(n.protocol))&&n.host===r.host&&l.activeElement===s&&(d.top.location.href=t.value))}},d.addEventListener(\"message\",d.wp.receiveEmbedMessage,!1),l.addEventListener(\"DOMContentLoaded\",function(){for(var e,t,s=l.querySelectorAll(\"iframe.wp-embedded-content\"),r=0;r<s.length;r++)(t=(e=s[r]).getAttribute(\"data-secret\"))||(t=Math.random().toString(36).substring(2,12),e.src+=\"#?secret=\"+t,e.setAttribute(\"data-secret\",t)),e.contentWindow.postMessage({message:\"ready\",secret:t},\"*\")},!1)))}(window,document);\n\/\/# sourceURL=https:\/\/wendlandmobil.de\/wp-includes\/js\/wp-embed.min.js\n\/* ]]> *\/\n<\/script>","thumbnail_url":"https:\/\/wendlandmobil.de\/wp-content\/uploads\/100925-EMW-Schulveranstaltungen.png","thumbnail_width":1080,"thumbnail_height":1080,"description":"Zur Europ\u00e4ischen Mobilit\u00e4tswoche organisiert das Kommunale Mobilit\u00e4tsmanagement (KMM) des Landkreises zus\u00e4tzlich zu den allgemeinen Beratungen zu Mobilit\u00e4tsthemen auch zwei Veranstaltungen speziell f\u00fcr Sch\u00fclerinnen und Sch\u00fcler. \u201eMobilit\u00e4t ist f\u00fcr junge Menschen, die noch keinen eigenen F\u00fchrerschein haben, ein wichtiges Alltagsthema. Ob per OnDemand-Fahrt zum Sport, ein guter Radweg oder sichere Mitfahrten per Mitfahr-App, dass alles sind&hellip;"}