{"version":"1.0","provider_name":"Wendland Mobile","provider_url":"https:\/\/wendlandmobil.de\/en","title":"Mitfahrb\u00e4nke - Wendland Mobil","type":"rich","width":600,"height":338,"html":"<blockquote class=\"wp-embedded-content\" data-secret=\"6u5CElCU3q\"><a href=\"https:\/\/wendlandmobil.de\/en\/mobilitaetsangebote\/mitfahrbaenke\/\">Carpool benches<\/a><\/blockquote><iframe sandbox=\"allow-scripts\" security=\"restricted\" src=\"https:\/\/wendlandmobil.de\/en\/mobilitaetsangebote\/mitfahrbaenke\/embed\/#?secret=6u5CElCU3q\" width=\"600\" height=\"338\" title=\"&#8220;Mitfahrb\u00e4nke&#8221; &#8212; Wendland Mobil\" data-secret=\"6u5CElCU3q\" frameborder=\"0\" marginwidth=\"0\" marginheight=\"0\" scrolling=\"no\" class=\"wp-embedded-content\"><\/iframe><script type=\"text\/javascript\">\n\/* <![CDATA[ *\/\n\/*! This file is auto-generated *\/\n!function(d,l){\"use strict\";l.querySelector&&d.addEventListener&&\"undefined\"!=typeof URL&&(d.wp=d.wp||{},d.wp.receiveEmbedMessage||(d.wp.receiveEmbedMessage=function(e){var t=e.data;if((t||t.secret||t.message||t.value)&&!\/[^a-zA-Z0-9]\/.test(t.secret)){for(var s,r,n,a=l.querySelectorAll('iframe[data-secret=\"'+t.secret+'\"]'),o=l.querySelectorAll('blockquote[data-secret=\"'+t.secret+'\"]'),c=new RegExp(\"^https?:$\",\"i\"),i=0;i<o.length;i++)o[i].style.display=\"none\";for(i=0;i<a.length;i++)s=a[i],e.source===s.contentWindow&&(s.removeAttribute(\"style\"),\"height\"===t.message?(1e3<(r=parseInt(t.value,10))?r=1e3:~~r<200&&(r=200),s.height=r):\"link\"===t.message&&(r=new URL(s.getAttribute(\"src\")),n=new URL(t.value),c.test(n.protocol))&&n.host===r.host&&l.activeElement===s&&(d.top.location.href=t.value))}},d.addEventListener(\"message\",d.wp.receiveEmbedMessage,!1),l.addEventListener(\"DOMContentLoaded\",function(){for(var e,t,s=l.querySelectorAll(\"iframe.wp-embedded-content\"),r=0;r<s.length;r++)(t=(e=s[r]).getAttribute(\"data-secret\"))||(t=Math.random().toString(36).substring(2,12),e.src+=\"#?secret=\"+t,e.setAttribute(\"data-secret\",t)),e.contentWindow.postMessage({message:\"ready\",secret:t},\"*\")},!1)))}(window,document);\n\/\/# sourceURL=https:\/\/wendlandmobil.de\/wp-includes\/js\/wp-embed.min.js\n\/* ]]> *\/\n<\/script>","thumbnail_url":"https:\/\/wendlandmobil.de\/wp-content\/uploads\/header-mitfahrbaenke.png","thumbnail_width":1920,"thumbnail_height":600,"description":"Neue Mobilit\u00e4t unterst\u00fctzen und mitfahren! Viele B\u00fcrgerinnen fahren tagt\u00e4glich l\u00e4ngere oder k\u00fcrzere Strecken alleine im Auto. Das muss nicht sein \u2013 \u00f6ffnen Sie Ihre Autot\u00fcr f\u00fcr andere oder nutzen Sie die Gelegenheit, unkompliziert bei jemanden mitzufahren. Das Projekt \u201eFahr Mit B\u00e4nke\u201c macht es m\u00f6glich: Es wendet sich an alle, die zum einen aus verschiedenen Gr\u00fcnden&hellip;"}